{"id":2344,"date":"2018-12-27T05:04:37","date_gmt":"2018-12-27T05:04:37","guid":{"rendered":"https:\/\/2022.streetartfestival.si\/?page_id=2344"},"modified":"2022-08-11T08:35:23","modified_gmt":"2022-08-11T08:35:23","slug":"ljubljana-street-art-festival-2021","status":"publish","type":"page","link":"https:\/\/2022.streetartfestival.si\/en\/","title":{"rendered":"Ljubljana Street Art Festival 2022"},"content":{"rendered":"\t\t<div data-elementor-type=\"wp-post\" data-elementor-id=\"2344\" class=\"elementor elementor-2344 elementor-10\">\n\t\t\t\t\t\t<div class=\"elementor-inner\">\n\t\t\t\t<div class=\"elementor-section-wrap\">\n\t\t\t\t\t\t\t\t\t<section class=\"elementor-section elementor-top-section elementor-element elementor-element-74b4374 elementor-section-boxed elementor-section-height-default elementor-section-height-default\" data-id=\"74b4374\" data-element_type=\"section\" data-settings=\"{&quot;background_background&quot;:&quot;video&quot;,&quot;ekit_section_parallax_multi&quot;:&quot;yes&quot;,&quot;ekit_section_parallax_multi_items&quot;:[{&quot;parallax_style&quot;:&quot;mousemove&quot;,&quot;image&quot;:{&quot;url&quot;:&quot;http:\\\/\\\/demo.themewinter.com\\\/wp\\\/exhibz\\\/eventin-demo\\\/wp-content\\\/uploads\\\/sites\\\/7\\\/2018\\\/12\\\/banner_slices.png&quot;,&quot;id&quot;:66},&quot;animation_iteration_count&quot;:null,&quot;parallax_speed&quot;:&quot;100&quot;,&quot;zindex&quot;:0,&quot;_id&quot;:&quot;cbe8986&quot;,&quot;item_source&quot;:&quot;image&quot;,&quot;shape&quot;:null,&quot;shape_color&quot;:null,&quot;width_type&quot;:&quot;&quot;,&quot;width_type_tablet&quot;:&quot;&quot;,&quot;width_type_mobile&quot;:&quot;&quot;,&quot;custom_width&quot;:null,&quot;custom_width_tablet&quot;:null,&quot;custom_width_mobile&quot;:null,&quot;source_rotate&quot;:{&quot;unit&quot;:&quot;deg&quot;,&quot;size&quot;:0,&quot;sizes&quot;:[]},&quot;source_rotate_tablet&quot;:{&quot;unit&quot;:&quot;px&quot;,&quot;size&quot;:&quot;&quot;,&quot;sizes&quot;:[]},&quot;source_rotate_mobile&quot;:{&quot;unit&quot;:&quot;px&quot;,&quot;size&quot;:&quot;&quot;,&quot;sizes&quot;:[]},&quot;parallax_blur_effect&quot;:{&quot;unit&quot;:&quot;px&quot;,&quot;size&quot;:0,&quot;sizes&quot;:[]},&quot;parallax_blur_effect_tablet&quot;:{&quot;unit&quot;:&quot;px&quot;,&quot;size&quot;:&quot;&quot;,&quot;sizes&quot;:[]},&quot;parallax_blur_effect_mobile&quot;:{&quot;unit&quot;:&quot;px&quot;,&quot;size&quot;:&quot;&quot;,&quot;sizes&quot;:[]},&quot;pos_x&quot;:{&quot;unit&quot;:&quot;%&quot;,&quot;size&quot;:10,&quot;sizes&quot;:[]},&quot;pos_x_tablet&quot;:{&quot;unit&quot;:&quot;px&quot;,&quot;size&quot;:&quot;&quot;,&quot;sizes&quot;:[]},&quot;pos_x_mobile&quot;:{&quot;unit&quot;:&quot;px&quot;,&quot;size&quot;:&quot;&quot;,&quot;sizes&quot;:[]},&quot;pos_y&quot;:{&quot;unit&quot;:&quot;%&quot;,&quot;size&quot;:10,&quot;sizes&quot;:[]},&quot;pos_y_tablet&quot;:{&quot;unit&quot;:&quot;px&quot;,&quot;size&quot;:&quot;&quot;,&quot;sizes&quot;:[]},&quot;pos_y_mobile&quot;:{&quot;unit&quot;:&quot;px&quot;,&quot;size&quot;:&quot;&quot;,&quot;sizes&quot;:[]},&quot;animation&quot;:null,&quot;animation_tablet&quot;:null,&quot;animation_mobile&quot;:null,&quot;item_opacity&quot;:&quot;1&quot;,&quot;animation_speed&quot;:null,&quot;animation_direction&quot;:null,&quot;parallax_transform&quot;:null,&quot;parallax_transform_value&quot;:null,&quot;smoothness&quot;:null,&quot;offsettop&quot;:null,&quot;offsetbottom&quot;:null,&quot;maxtilt&quot;:null,&quot;scale&quot;:null,&quot;disableaxis&quot;:null}],&quot;background_video_link&quot;:&quot;https:\\\/\\\/www.youtube.com\\\/watch?v=wvr6l2F7HE4&quot;}\">\n\t\t\t\t\t\t\t\t<div class=\"elementor-background-video-container elementor-hidden-phone\">\n\t\t\t\t\t\t\t\t\t\t\t\t\t<div class=\"elementor-background-video-embed\"><\/div>\n\t\t\t\t\t\t\t\t\t\t\t\t<\/div>\n\t\t\t\t\t\t\t\t\t<div class=\"elementor-background-overlay\"><\/div>\n\t\t\t\t\t\t\t<div class=\"elementor-container elementor-column-gap-default\">\n\t\t\t\t\t\t\t<div class=\"elementor-row\">\n\t\t\t\t\t<div class=\"elementor-column elementor-col-66 elementor-top-column elementor-element elementor-element-d8ef783\" data-id=\"d8ef783\" data-element_type=\"column\">\n\t\t\t<div class=\"elementor-column-wrap elementor-element-populated\">\n\t\t\t\t\t\t\t<div class=\"elementor-widget-wrap\">\n\t\t\t\t\t\t<div class=\"elementor-element elementor-element-533a6ba elementor-invisible elementor-widget elementor-widget-text-editor\" data-id=\"533a6ba\" data-element_type=\"widget\" data-settings=\"{&quot;_animation&quot;:&quot;fadeInUp&quot;,&quot;_animation_delay&quot;:300,&quot;ekit_we_effect_on&quot;:&quot;none&quot;}\" data-widget_type=\"text-editor.default\">\n\t\t\t\t<div class=\"elementor-widget-container\">\n\t\t\t\t\t\t\t\t<div class=\"elementor-text-editor elementor-clearfix\">\n\t\t\t\t27. June &#8211; 3. July 2022, Ljubljana\t\t\t\t\t<\/div>\n\t\t\t\t\t\t<\/div>\n\t\t\t\t<\/div>\n\t\t\t\t<div class=\"elementor-element elementor-element-cba9f61 elementor-invisible elementor-widget elementor-widget-heading\" data-id=\"cba9f61\" data-element_type=\"widget\" data-settings=\"{&quot;_animation&quot;:&quot;fadeInUp&quot;,&quot;_animation_delay&quot;:350,&quot;ekit_we_effect_on&quot;:&quot;none&quot;}\" data-widget_type=\"heading.default\">\n\t\t\t\t<div class=\"elementor-widget-container\">\n\t\t\t<h1 class=\"elementor-heading-title elementor-size-default\">#LJSAF 2022<\/h1>\t\t<\/div>\n\t\t\t\t<\/div>\n\t\t\t\t<div class=\"elementor-element elementor-element-840e79c elementor-align-left elementor-widget elementor-widget-button\" data-id=\"840e79c\" data-element_type=\"widget\" data-settings=\"{&quot;ekit_we_effect_on&quot;:&quot;none&quot;}\" data-widget_type=\"button.default\">\n\t\t\t\t<div class=\"elementor-widget-container\">\n\t\t\t\t\t<div class=\"elementor-button-wrapper\">\n\t\t\t<a href=\"https:\/\/2022.streetartfestival.si\/en\/tickets\/\" target=\"_blank\" class=\"elementor-button-link elementor-button elementor-size-md\" role=\"button\">\n\t\t\t\t\t\t<span class=\"elementor-button-content-wrapper\">\n\t\t\t\t\t\t<span class=\"elementor-button-text\">FREE TICKETS<\/span>\n\t\t<\/span>\n\t\t\t\t\t<\/a>\n\t\t<\/div>\n\t\t\t\t<\/div>\n\t\t\t\t<\/div>\n\t\t\t\t\t\t<\/div>\n\t\t\t\t\t<\/div>\n\t\t<\/div>\n\t\t\t\t<div class=\"elementor-column elementor-col-33 elementor-top-column elementor-element elementor-element-e574d29\" data-id=\"e574d29\" data-element_type=\"column\">\n\t\t\t<div class=\"elementor-column-wrap\">\n\t\t\t\t\t\t\t<div class=\"elementor-widget-wrap\">\n\t\t\t\t\t\t\t\t<\/div>\n\t\t\t\t\t<\/div>\n\t\t<\/div>\n\t\t\t\t\t\t\t\t<\/div>\n\t\t\t\t\t<\/div>\n\t\t<\/section>\n\t\t\t\t<section class=\"elementor-section elementor-top-section elementor-element elementor-element-e69cf7c elementor-section-boxed elementor-section-height-default elementor-section-height-default\" data-id=\"e69cf7c\" data-element_type=\"section\">\n\t\t\t\t\t\t<div class=\"elementor-container elementor-column-gap-default\">\n\t\t\t\t\t\t\t<div class=\"elementor-row\">\n\t\t\t\t\t<div class=\"elementor-column elementor-col-100 elementor-top-column elementor-element elementor-element-405add2\" data-id=\"405add2\" data-element_type=\"column\">\n\t\t\t<div class=\"elementor-column-wrap elementor-element-populated\">\n\t\t\t\t\t\t\t<div class=\"elementor-widget-wrap\">\n\t\t\t\t\t\t<div class=\"elementor-element elementor-element-57853a1 elementor-invisible elementor-widget elementor-widget-exhibz-title\" data-id=\"57853a1\" data-element_type=\"widget\" data-settings=\"{&quot;_animation&quot;:&quot;slideInUp&quot;,&quot;_animation_delay&quot;:350,&quot;ekit_we_effect_on&quot;:&quot;none&quot;}\" data-widget_type=\"exhibz-title.default\">\n\t\t\t\t<div class=\"elementor-widget-container\">\n\t\t\t\n    <div class=\"title-section-area\">\n        <h2 class=\"section-title\">\n            <span class=\"sub-title\"><\/span>\n\t\t\tLjubljana Street Art Festival 2022        <\/h2>\n\t\t\t\t\t<div class=\"title-desc\"><p><span style=\"font-weight: 400\">Ljubljana Street Art Festival is the first street art festival in Slovenia. Since 2019 it has connected the street, art and academic scene and promoted one of the most important contemporary art movements of the 21st century in a unique way. It encourages visitors to actively read the streets, while at the same time supporting young, as yet unestablished generations of street artists and taking care of the bright future of the local street art environment.<\/span><\/p><\/div>\n\t\t                    <span class=\"title-shape\">\n                  <svg xmlns='http:\/\/www.w3.org\/2000\/svg' xmlns:xlink='http:\/\/www.w3.org\/1999\/xlink' width='71px' height='11px'> <path fill-rule='evenodd' d='M59.669,10.710 L49.164,3.306 L39.428,10.681 L29.714,3.322 L20.006,10.682 L10.295,3.322 L1.185,10.228 L-0.010,8.578 L10.295,0.765 L20.006,8.125 L29.714,0.765 L39.428,8.125 L49.122,0.781 L59.680,8.223 L69.858,1.192 L70.982,2.895 L59.669,10.710 Z'\/><\/svg>\n            <\/span>\n                    <\/div><!-- Section title -->\n    \n    \n\n    \t\t<\/div>\n\t\t\t\t<\/div>\n\t\t\t\t\t\t<\/div>\n\t\t\t\t\t<\/div>\n\t\t<\/div>\n\t\t\t\t\t\t\t\t<\/div>\n\t\t\t\t\t<\/div>\n\t\t<\/section>\n\t\t\t\t<section class=\"elementor-section elementor-top-section elementor-element elementor-element-ddd09b5 elementor-section-boxed elementor-section-height-default elementor-section-height-default\" data-id=\"ddd09b5\" data-element_type=\"section\">\n\t\t\t\t\t\t<div class=\"elementor-container elementor-column-gap-default\">\n\t\t\t\t\t\t\t<div class=\"elementor-row\">\n\t\t\t\t\t<div class=\"elementor-column elementor-col-100 elementor-top-column elementor-element elementor-element-cc61534\" data-id=\"cc61534\" data-element_type=\"column\">\n\t\t\t<div class=\"elementor-column-wrap elementor-element-populated\">\n\t\t\t\t\t\t\t<div class=\"elementor-widget-wrap\">\n\t\t\t\t\t\t<div class=\"elementor-element elementor-element-e6f108a elementor-invisible elementor-widget elementor-widget-exhibz-title\" data-id=\"e6f108a\" data-element_type=\"widget\" data-settings=\"{&quot;_animation&quot;:&quot;slideInUp&quot;,&quot;_animation_delay&quot;:350,&quot;ekit_we_effect_on&quot;:&quot;none&quot;}\" data-widget_type=\"exhibz-title.default\">\n\t\t\t\t<div class=\"elementor-widget-container\">\n\t\t\t\n    <div class=\"title-section-area\">\n        <h2 class=\"section-title\">\n            <span class=\"sub-title\">THE EVENT RACK<\/span>\n\t\t\t#LJSAF Program        <\/h2>\n\t\t                    <span class=\"title-shape\">\n                  <svg xmlns='http:\/\/www.w3.org\/2000\/svg' xmlns:xlink='http:\/\/www.w3.org\/1999\/xlink' width='71px' height='11px'> <path fill-rule='evenodd' d='M59.669,10.710 L49.164,3.306 L39.428,10.681 L29.714,3.322 L20.006,10.682 L10.295,3.322 L1.185,10.228 L-0.010,8.578 L10.295,0.765 L20.006,8.125 L29.714,0.765 L39.428,8.125 L49.122,0.781 L59.680,8.223 L69.858,1.192 L70.982,2.895 L59.669,10.710 Z'\/><\/svg>\n            <\/span>\n                    <\/div><!-- Section title -->\n    \n    \n\n    \t\t<\/div>\n\t\t\t\t<\/div>\n\t\t\t\t<div class=\"elementor-element elementor-element-e7ef7b0 elementor-invisible elementor-widget elementor-widget-etn-schedule\" data-id=\"e7ef7b0\" data-element_type=\"widget\" data-settings=\"{&quot;_animation&quot;:&quot;fadeInUp&quot;,&quot;ekit_we_effect_on&quot;:&quot;none&quot;}\" data-widget_type=\"etn-schedule.default\">\n\t\t\t\t<div class=\"elementor-widget-container\">\n\t\t\t<!-- schedule tab start -->\n<div class=\"schedule-tab-wrapper etn-tab-wrapper\">\n    <ul class='etn-nav'>\n                    <li>\n                <a href='#' class='etn-tab-a etn-active' data-id='tab5281-0'>\n                    <span class='etn-date'>27 Jun<\/span>\n                    <span class=etn-day>day 1 | MON<\/span>\n                <\/a>\n               \n            <\/li>\n                    <li>\n                <a href='#' class='etn-tab-a  ' data-id='tab5295-1'>\n                    <span class='etn-date'>28 Jun<\/span>\n                    <span class=etn-day>day 2 | TUE<\/span>\n                <\/a>\n               \n            <\/li>\n                    <li>\n                <a href='#' class='etn-tab-a  ' data-id='tab5296-2'>\n                    <span class='etn-date'>29 Jun<\/span>\n                    <span class=etn-day>day 3 | WED<\/span>\n                <\/a>\n               \n            <\/li>\n                    <li>\n                <a href='#' class='etn-tab-a  ' data-id='tab5297-3'>\n                    <span class='etn-date'>30 Jun<\/span>\n                    <span class=etn-day>day 4 | THU<\/span>\n                <\/a>\n               \n            <\/li>\n                    <li>\n                <a href='#' class='etn-tab-a  ' data-id='tab5298-4'>\n                    <span class='etn-date'>01 Jul<\/span>\n                    <span class=etn-day>day 5 | FRI<\/span>\n                <\/a>\n               \n            <\/li>\n                    <li>\n                <a href='#' class='etn-tab-a  ' data-id='tab5299-5'>\n                    <span class='etn-date'>02 Jul<\/span>\n                    <span class=etn-day>day 6 | SAT<\/span>\n                <\/a>\n               \n            <\/li>\n                    <li>\n                <a href='#' class='etn-tab-a  ' data-id='tab5301-6'>\n                    <span class='etn-date'>03 Jul<\/span>\n                    <span class=etn-day>day 7 | SUN<\/span>\n                <\/a>\n               \n            <\/li>\n            <\/ul>\n    <div class='etn-tab-content clearfix etn-schedule-wrap'>\n                    <!-- start repeatable item -->\n            <div class='etn-tab tab-active' data-id='tab5281-0'>\n                                        <div class='etn-single-schedule-item etn-row'>\n                            <div class='etn-schedule-info etn-col-lg-3 etn-col-sm-3'>\n                                                                    <span> 20:00 -  <\/span>\n                                                                        <span class='etn-schedule-location'>\n                                    <i class='fas fa-map-marker-alt'><\/i>Gala Hala, Metelkova                                    <\/span>\n                                                                <\/div>\n                            <div class='etn-schedule-content etn-col-lg-6 etn-col-sm-6'>\n                                <h4 class='etn-title'>OPENING WARM-UP  concert<\/h4>\n                                <p>The festival warm-up music session on the Gala Hala summer terrace will be led by DJ LABELLO (garage, breakbeat, electro), dvidevat (breaks, electro) and Nulla (electro, breaks, ghetto).\r\n<\/p>\n                            <\/div>\n                            <div class='etn-col-lg-3 etn-col-sm-3'>\n                                <div class='etn-schedule-right-content'>\n                                        <div class='etn-schedule-single-speaker'>\n                                            <div class='etn-schedule-speaker'>\n                                                                                        <\/div>\n                                        <\/div>\n                                <\/div>\n                            <\/div>\n                        <\/div>\n                                                <div class='etn-single-schedule-item etn-row'>\n                            <div class='etn-schedule-info etn-col-lg-3 etn-col-sm-3'>\n                                                                    <span> 20:30 -  <\/span>\n                                                                        <span class='etn-schedule-location'>\n                                    <i class='fas fa-map-marker-alt'><\/i>Night Window Display Gallery Pe\u0161ak, Metelkova                                    <\/span>\n                                                                <\/div>\n                            <div class='etn-schedule-content etn-col-lg-6 etn-col-sm-6'>\n                                <h4 class='etn-title'>NEJC ZOREN\u010c: I &lt;3 LJ EXHIBITION OPENING (until 4.8.)<\/h4>\n                                <p>Nejc Zoren\u010d is a young painter who works at the intersection of painting, design and graffiti. The exhibition I <3 LJ is the artist's first solo presentation. His love for graffiti is expressed in his outdoor installation, which invites visitors to actively intervene. The second part of the exhibition presents five images in the windows of the Night Window Display Gallery Pe\u0161ak. In the resulting series, the artist draws mainly from current city issues, which he encounters during his studies in Ljubljana. The title I <3 LJ might be reminiscent of tourist slogans, but unlike promotional content that highlights only one side of the city, the perfect one, the exhibition does not censor the rest. On the contrary, it highlights them and invites us to reflect on them.<\/p>\n                            <\/div>\n                            <div class='etn-col-lg-3 etn-col-sm-3'>\n                                <div class='etn-schedule-right-content'>\n                                        <div class='etn-schedule-single-speaker'>\n                                            <div class='etn-schedule-speaker'>\n                                                                                        <\/div>\n                                        <\/div>\n                                <\/div>\n                            <\/div>\n                        <\/div>\n                                    <\/div>\n            <!-- end repeatable item -->\n                    <!-- start repeatable item -->\n            <div class='etn-tab  ' data-id='tab5295-1'>\n                                        <div class='etn-single-schedule-item etn-row'>\n                            <div class='etn-schedule-info etn-col-lg-3 etn-col-sm-3'>\n                                                                    <span> 09:30 - 00:30 <\/span>\n                                                                        <span class='etn-schedule-location'>\n                                    <i class='fas fa-map-marker-alt'><\/i>Metelkova                                    <\/span>\n                                                                <\/div>\n                            <div class='etn-schedule-content etn-col-lg-6 etn-col-sm-6'>\n                                <h4 class='etn-title'>Piece of Cake, Part Two! - workshop<\/h4>\n                                <p>Three groups of children from Vodmat Kindergarten, aged 5 to 6, have been involved in a pedagogical process over several months, gradually learning about street art, especially the communication power of graffiti. In this year's project, the children are exploring the virtual and real world. Based on a message they will uncover together with pedagogical workers and painter and mentor Fedja \u0160i\u010darov, they will create a visual message for the general public at Metelkova.<\/p>\n                            <\/div>\n                            <div class='etn-col-lg-3 etn-col-sm-3'>\n                                <div class='etn-schedule-right-content'>\n                                        <div class='etn-schedule-single-speaker'>\n                                            <div class='etn-schedule-speaker'>\n                                                                                        <\/div>\n                                        <\/div>\n                                <\/div>\n                            <\/div>\n                        <\/div>\n                                                <div class='etn-single-schedule-item etn-row'>\n                            <div class='etn-schedule-info etn-col-lg-3 etn-col-sm-3'>\n                                                                    <span> 10:00 - 16:00 <\/span>\n                                                                        <span class='etn-schedule-location'>\n                                    <i class='fas fa-map-marker-alt'><\/i>Komuna, Kino \u0160i\u0161ka                                    <\/span>\n                                                                <\/div>\n                            <div class='etn-schedule-content etn-col-lg-6 etn-col-sm-6'>\n                                <h4 class='etn-title'>\u201cThe Periphery of Street Art \/ Street Art on the Periphery\u201d International Conference <\/h4>\n                                <p>The Periphery of Street Art \/ Street Art on the Periphery conference will examine both the geographical peripheries of street art and subpolitical, activist practices. The contributions will address street art on the periphery in the field of non-heteronormative, queer and feminist street art, the emancipatory nature of the street art medium, the transformation of street art into performative forms of expression, new media and intermedia formats. In addition, the conference will present studies ranging from historical analyses of proto-street art examples and manifestations and the use of street art practices in subaltern political and social movements, to contributions exploring the role of street art in the appropriation and labelling of public space by subpolitical and subcultural groups, as well as the processes of \u201cpumping\u201d street art, and thus the symbolic, aesthetic and commercial transfer of street art from urban peripheries to creative, artistic and urban centres.\r\n\r\nMitja Velikonja will present the book \u201cThe Chosen Few: Aesthetics and Ideology in Football Fan Graffiti & Street Art\u201d. Antigoon (NL), Cibo (IT), Mathieu Tremblin (FR), Eric Potempa (FR), Epos 257 (CZ) and others will take part in the artists' presentations.\r\n\r\nThere will also be a screening of the documentary Street Heroines, accompanied by a discussion with director Alexandra Henry (US) and photographer Mankica Kranjec (SI).<\/p>\n                            <\/div>\n                            <div class='etn-col-lg-3 etn-col-sm-3'>\n                                <div class='etn-schedule-right-content'>\n                                        <div class='etn-schedule-single-speaker'>\n                                            <div class='etn-schedule-speaker'>\n                                                                                        <\/div>\n                                        <\/div>\n                                <\/div>\n                            <\/div>\n                        <\/div>\n                                                <div class='etn-single-schedule-item etn-row'>\n                            <div class='etn-schedule-info etn-col-lg-3 etn-col-sm-3'>\n                                                                    <span> 17:00 - 18:00 <\/span>\n                                                                        <span class='etn-schedule-location'>\n                                    <i class='fas fa-map-marker-alt'><\/i>Kino \u0160i\u0161ka                                    <\/span>\n                                                                <\/div>\n                            <div class='etn-schedule-content etn-col-lg-6 etn-col-sm-6'>\n                                <h4 class='etn-title'>\u0160I\u0160KA GRAFFITI TOUR<\/h4>\n                                <p>We will visit the largest gallery in the city \u2013 the streets of Ljubljana, where we will look for the best street creations in the \u0160i\u0161ka neighbourhood. The graffiti tour will reveal the colourful side of Ljubljana in a unique way and show the city\u2019s history through the medium of street art. <a href=\"https:\/\/2022.streetartfestival.si\/en\/event\/siska-graffiti-tour\/\">Book your spot <\/a> <\/p>\n                            <\/div>\n                            <div class='etn-col-lg-3 etn-col-sm-3'>\n                                <div class='etn-schedule-right-content'>\n                                        <div class='etn-schedule-single-speaker'>\n                                            <div class='etn-schedule-speaker'>\n                                                                                        <\/div>\n                                        <\/div>\n                                <\/div>\n                            <\/div>\n                        <\/div>\n                                                <div class='etn-single-schedule-item etn-row'>\n                            <div class='etn-schedule-info etn-col-lg-3 etn-col-sm-3'>\n                                                                    <span> 19:00 -  <\/span>\n                                                                        <span class='etn-schedule-location'>\n                                    <i class='fas fa-map-marker-alt'><\/i>DUM Project Space (and DobraVaga)                                    <\/span>\n                                                                <\/div>\n                            <div class='etn-schedule-content etn-col-lg-6 etn-col-sm-6'>\n                                <h4 class='etn-title'>Antigoon: Black Powder - exhibition opening (until 3. 7.)<\/h4>\n                                <p>Antigoon (Netherlands, 1983) makes machines that apply patterns with\r\nmarkers, spray cans and other materials. The result is inhumanly perfect and geometric. Yet you see the signs of materials that are\r\nactually made for humans: dripping paint, pressed crayons and pencilmarks. There is room for imperfection and so the work retains the raw characteristics of graffiti. During the Street Art Festival\r\nAntigoon will show different works from his series \u2018Mechanical Buffing\u2019 and \u2018Ligature\u2019. All works are for sale during opening times. application of symmetrical patterns on a canvas, wall or poster. The creations are inhumanly elegant, hypnotic and geometric. As an artist in residence at the Ljubljana Street Art Festival, Antigoon will continue his ongoing study of combining unconventional materials and technology. This time, the artworks will be made out of burned gunpowder on wood. The exhibition at the DUM Project Space will be accompanied by a pop-up exhibition at the DobraVaga Gallery, where Antigoon\u2019s prints will be available for purchase. <\/p>\n                            <\/div>\n                            <div class='etn-col-lg-3 etn-col-sm-3'>\n                                <div class='etn-schedule-right-content'>\n                                        <div class='etn-schedule-single-speaker'>\n                                            <div class='etn-schedule-speaker'>\n                                                                                        <\/div>\n                                        <\/div>\n                                <\/div>\n                            <\/div>\n                        <\/div>\n                                    <\/div>\n            <!-- end repeatable item -->\n                    <!-- start repeatable item -->\n            <div class='etn-tab  ' data-id='tab5296-2'>\n                                        <div class='etn-single-schedule-item etn-row'>\n                            <div class='etn-schedule-info etn-col-lg-3 etn-col-sm-3'>\n                                                                    <span> 09:30 - 12:30 <\/span>\n                                                                        <span class='etn-schedule-location'>\n                                    <i class='fas fa-map-marker-alt'><\/i>Metelkova                                    <\/span>\n                                                                <\/div>\n                            <div class='etn-schedule-content etn-col-lg-6 etn-col-sm-6'>\n                                <h4 class='etn-title'>Piece of Cake, Part Two! - workshop<\/h4>\n                                <p>Three groups of children from Vodmat Kindergarten, aged 5 to 6, have been involved in a pedagogical process over several months, gradually learning about street art, especially the communication power of graffiti. In this year's project, the children are exploring the virtual and real world. Based on a message they will uncover together with pedagogical workers and painter and mentor Fedja \u0160i\u010darov, they will create a visual message for the general public at Metelkova.<\/p>\n                            <\/div>\n                            <div class='etn-col-lg-3 etn-col-sm-3'>\n                                <div class='etn-schedule-right-content'>\n                                        <div class='etn-schedule-single-speaker'>\n                                            <div class='etn-schedule-speaker'>\n                                                                                        <\/div>\n                                        <\/div>\n                                <\/div>\n                            <\/div>\n                        <\/div>\n                                                <div class='etn-single-schedule-item etn-row'>\n                            <div class='etn-schedule-info etn-col-lg-3 etn-col-sm-3'>\n                                                                    <span> 10:00 - 16:00 <\/span>\n                                                                        <span class='etn-schedule-location'>\n                                    <i class='fas fa-map-marker-alt'><\/i>Komuna, Kino \u0160i\u0161ka                                    <\/span>\n                                                                <\/div>\n                            <div class='etn-schedule-content etn-col-lg-6 etn-col-sm-6'>\n                                <h4 class='etn-title'>\u201cThe Periphery of Street Art \/ Street Art on the Periphery\u201d International Conference<\/h4>\n                                <p>The Periphery of Street Art \/ Street Art on the Periphery conference will examine both the geographical peripheries of street art and subpolitical, activist practices. The contributions will address street art on the periphery in the field of non-heteronormative, queer and feminist street art, the emancipatory nature of the street art medium, the transformation of street art into performative forms of expression, new media and intermedia formats. In addition, the conference will present studies ranging from historical analyses of proto-street art examples and manifestations and the use of street art practices in subaltern political and social movements, to contributions exploring the role of street art in the appropriation and labelling of public space by subpolitical and subcultural groups, as well as the processes of \u201cpumping\u201d street art, and thus the symbolic, aesthetic and commercial transfer of street art from urban peripheries to creative, artistic and urban centres.\r\n\r\nMitja Velikonja will present the book \u201cThe Chosen Few: Aesthetics and Ideology in Football Fan Graffiti & Street Art\u201d. Antigoon (NL), Cibo (IT), Mathieu Tremblin (FR), Eric Potempa (FR), Epos 257 (CZ) and others will take part in the artists' presentations.\r\n\r\nThere will also be a screening of the documentary Street Heroines, accompanied by a discussion with director Alexandra Henry (US) and photographer Mankica Kranjec (SI).<\/p>\n                            <\/div>\n                            <div class='etn-col-lg-3 etn-col-sm-3'>\n                                <div class='etn-schedule-right-content'>\n                                        <div class='etn-schedule-single-speaker'>\n                                            <div class='etn-schedule-speaker'>\n                                                                                        <\/div>\n                                        <\/div>\n                                <\/div>\n                            <\/div>\n                        <\/div>\n                                                <div class='etn-single-schedule-item etn-row'>\n                            <div class='etn-schedule-info etn-col-lg-3 etn-col-sm-3'>\n                                                                    <span> 17:00 - 18:00 <\/span>\n                                                                        <span class='etn-schedule-location'>\n                                    <i class='fas fa-map-marker-alt'><\/i>Kino \u0160i\u0161ka                                    <\/span>\n                                                                <\/div>\n                            <div class='etn-schedule-content etn-col-lg-6 etn-col-sm-6'>\n                                <h4 class='etn-title'>\u0160I\u0160KA GRAFFITI TOUR<\/h4>\n                                <p>We will visit the largest gallery in the city \u2013 the streets of Ljubljana, where we will look for the best street creations in the \u0160i\u0161ka neighbourhood. The graffiti tour will reveal the colourful side of Ljubljana in a unique way and show the city\u2019s history through the medium of street art.  <a href=\"https:\/\/2022.streetartfestival.si\/en\/event\/siska-graffiti-tour-sreda\/\"> Book your spot<\/a><\/p>\n                            <\/div>\n                            <div class='etn-col-lg-3 etn-col-sm-3'>\n                                <div class='etn-schedule-right-content'>\n                                        <div class='etn-schedule-single-speaker'>\n                                            <div class='etn-schedule-speaker'>\n                                                                                        <\/div>\n                                        <\/div>\n                                <\/div>\n                            <\/div>\n                        <\/div>\n                                                <div class='etn-single-schedule-item etn-row'>\n                            <div class='etn-schedule-info etn-col-lg-3 etn-col-sm-3'>\n                                                                    <span> 19:00 - 21:15 <\/span>\n                                                                        <span class='etn-schedule-location'>\n                                    <i class='fas fa-map-marker-alt'><\/i>Alkatraz Gallery, Metelkova                                    <\/span>\n                                                                <\/div>\n                            <div class='etn-schedule-content etn-col-lg-6 etn-col-sm-6'>\n                                <h4 class='etn-title'>Epos 257: Artist Work Challenge (working residency at Asylum Studio)exhibition opening (until 19.7.)<\/h4>\n                                <p>The Czech artist Epos 257, whose identity remains unknown, works in and with the urban environment and iconography of a city. In his creativity, he comes up with innovative approaches, focusing mainly on the themes and issues of public space and current social issues. The number in his name is the number of a law dealing with damage to private property, which he has often come into contact with in his creative, socially critical practice. He is a graduate of the Prague Academy of Arts, Architecture and Design and a former member of the Ztohoven interdisciplinary group. He has held five solo exhibitions and participated in numerous group exhibitions in the Czech Republic and around the world. Epos 257 was selected in an open call for the Artist Work Challenge work residency and will, in addition to the exhibition project at the Alkatraz Gallery, also carry out an external intervention at Metelkova.\r\n<\/p>\n                            <\/div>\n                            <div class='etn-col-lg-3 etn-col-sm-3'>\n                                <div class='etn-schedule-right-content'>\n                                        <div class='etn-schedule-single-speaker'>\n                                            <div class='etn-schedule-speaker'>\n                                                                                        <\/div>\n                                        <\/div>\n                                <\/div>\n                            <\/div>\n                        <\/div>\n                                                <div class='etn-single-schedule-item etn-row'>\n                            <div class='etn-schedule-info etn-col-lg-3 etn-col-sm-3'>\n                                                                    <span> 21:00 - 21:15 <\/span>\n                                                                        <span class='etn-schedule-location'>\n                                    <i class='fas fa-map-marker-alt'><\/i>parking lot at Metelkova Health Centre, Metelkova                                    <\/span>\n                                                                <\/div>\n                            <div class='etn-schedule-content etn-col-lg-6 etn-col-sm-6'>\n                                <h4 class='etn-title'>Danilo Milovanovi\u0107: Untitled - wall intervention<\/h4>\n                                <p>With a \u201csite-specific\u201d performative intervention, Danilo Milovanovi\u0107 will intervene on a wall that hides thirty years of continuous creation in its countless layers, which is why it is regarded as the so-called Slovenian \"Hall of Fame\" within the graffiti subculture. With the intervention, he wants to problematize the attitude of the city authorities towards self-formed cultures and self-organised communities Therefore, his intervention will end with the tearing down of the wall.\r\nDanilo Milovanovi\u0107 primarily focuses on art in the public space in the field of theory and practice.<\/p>\n                            <\/div>\n                            <div class='etn-col-lg-3 etn-col-sm-3'>\n                                <div class='etn-schedule-right-content'>\n                                        <div class='etn-schedule-single-speaker'>\n                                            <div class='etn-schedule-speaker'>\n                                                                                        <\/div>\n                                        <\/div>\n                                <\/div>\n                            <\/div>\n                        <\/div>\n                                    <\/div>\n            <!-- end repeatable item -->\n                    <!-- start repeatable item -->\n            <div class='etn-tab  ' data-id='tab5297-3'>\n                                        <div class='etn-single-schedule-item etn-row'>\n                            <div class='etn-schedule-info etn-col-lg-3 etn-col-sm-3'>\n                                                                    <span> 17:00 - 21:00 <\/span>\n                                                                        <span class='etn-schedule-location'>\n                                    <i class='fas fa-map-marker-alt'><\/i>Komuna, Kino \u0160i\u0161ka                                     <\/span>\n                                                                <\/div>\n                            <div class='etn-schedule-content etn-col-lg-6 etn-col-sm-6'>\n                                <h4 class='etn-title'>TADEJ DROLJC: LASER GRAFFITI - WORKSHOP<\/h4>\n                                <p>In the workshop, we will learn how to program and use a laser projector that can be used for the purposes of light graffiti or outdoor art interventions. The focus will be on a DIY approach that is based on controlling the laser with audio signals, but we will also learn about different (both hardware and software) approaches. We will draw graffiti with our mentor Tadej Droljc in vector graphics programs and then import them into a specially designed BeamShaper application. We will project the final works onto public surfaces in a guerrilla campaign with a van and lasers. The number of places at the workshop is limited, prior registration is required. <a href=\"https:\/\/2022.streetartfestival.si\/en\/event\/laser-graffiti-workshop-with-tadej-droljc\/\">Book your spot<\/a><\/p>\n                            <\/div>\n                            <div class='etn-col-lg-3 etn-col-sm-3'>\n                                <div class='etn-schedule-right-content'>\n                                        <div class='etn-schedule-single-speaker'>\n                                            <div class='etn-schedule-speaker'>\n                                                                                        <\/div>\n                                        <\/div>\n                                <\/div>\n                            <\/div>\n                        <\/div>\n                                                <div class='etn-single-schedule-item etn-row'>\n                            <div class='etn-schedule-info etn-col-lg-3 etn-col-sm-3'>\n                                                                    <span> 19:00 -  <\/span>\n                                                                        <span class='etn-schedule-location'>\n                                    <i class='fas fa-map-marker-alt'><\/i>Kino \u0160i\u0161ka                                    <\/span>\n                                                                <\/div>\n                            <div class='etn-schedule-content etn-col-lg-6 etn-col-sm-6'>\n                                <h4 class='etn-title'>MARKO K. GAVEZ AND KNNZ (NE\u017dA KNEZ): AR MURAL - MURAL UNVEILING<\/h4>\n                                <p>We are freshening up the exterior of Kino \u0160i\u0161ka! It will be refreshed by artists Marko K. Gavez and knnz (Ne\u017ea Knez) (both SI), the most prominent representatives of the younger generation of artists in the fields of graffiti and visualisations. Gavez works primarily in the fields of illustration and graphics. His main formal starting point is a detailed drawing, and in his work he mostly combines motifs from the urban environment, industrial spaces and fantasy worlds. In her work, knnz explores nature, technology and the individual and their intertwining. She mostly presents her works in the form of video installations and VJ performances. The interdisciplinary project combines the production of a larger mural (Gavez) with an AR visualisation (knnz). Viewers at the site will be able to interact with the graffiti using a digital interface.<\/p>\n                            <\/div>\n                            <div class='etn-col-lg-3 etn-col-sm-3'>\n                                <div class='etn-schedule-right-content'>\n                                        <div class='etn-schedule-single-speaker'>\n                                            <div class='etn-schedule-speaker'>\n                                                                                        <\/div>\n                                        <\/div>\n                                <\/div>\n                            <\/div>\n                        <\/div>\n                                                <div class='etn-single-schedule-item etn-row'>\n                            <div class='etn-schedule-info etn-col-lg-3 etn-col-sm-3'>\n                                                                    <span> 20:00 -  <\/span>\n                                                                        <span class='etn-schedule-location'>\n                                    <i class='fas fa-map-marker-alt'><\/i>Kino \u0160i\u0161ka summer terrace                                    <\/span>\n                                                                <\/div>\n                            <div class='etn-schedule-content etn-col-lg-6 etn-col-sm-6'>\n                                <h4 class='etn-title'>LJSAF X SUMMER IN \u0160I\u0160KA: DRONE EMOJI - CONCERT<\/h4>\n                                <p>The enigmatic Slovenian producer Drone Emoji, beloved by Radio \u0160tudent and Mladina, will stop on the Kino \u0160i\u0161ka summer terrace with a stacked selection of samples, quotes, borrowings and remixes. Expect to break the musical and existential monotony with a refreshing measure of absurdity, unorthodox bangers, cheeky beats and unexpected twists. The kind that, despite his rather idle self-promotion, quickly established Drone Emoji among the most respected and popular producers in our country.<\/p>\n                            <\/div>\n                            <div class='etn-col-lg-3 etn-col-sm-3'>\n                                <div class='etn-schedule-right-content'>\n                                        <div class='etn-schedule-single-speaker'>\n                                            <div class='etn-schedule-speaker'>\n                                                                                        <\/div>\n                                        <\/div>\n                                <\/div>\n                            <\/div>\n                        <\/div>\n                                                <div class='etn-single-schedule-item etn-row'>\n                            <div class='etn-schedule-info etn-col-lg-3 etn-col-sm-3'>\n                                                                    <span> 20:30 - 22:00 <\/span>\n                                                                        <span class='etn-schedule-location'>\n                                    <i class='fas fa-map-marker-alt'><\/i>Square with no Historic Memory, Metelkova                                    <\/span>\n                                                                <\/div>\n                            <div class='etn-schedule-content etn-col-lg-6 etn-col-sm-6'>\n                                <h4 class='etn-title'>LJSAF X ODPRTO\/OPEN: BALANS  - CONCERT<\/h4>\n                                <p>Balans have been seeking balance in their post-pop-punk since 2013. Two years ago, drummer Jan Kmet joined the Ljubljana-based audio-visual duo, Kristin \u010cona and Andrej Pervanje, in the desire to further liven up their performance on stage. In recent years, they have complemented their endearing-weird minimalist art punk with confessional lyrics and sharp whistling, and the banality of their music is also linked by a strong visual component. Balans have thus become one of the most prominent representatives of the local underground in recent years.\r\n<\/p>\n                            <\/div>\n                            <div class='etn-col-lg-3 etn-col-sm-3'>\n                                <div class='etn-schedule-right-content'>\n                                        <div class='etn-schedule-single-speaker'>\n                                            <div class='etn-schedule-speaker'>\n                                                                                        <\/div>\n                                        <\/div>\n                                <\/div>\n                            <\/div>\n                        <\/div>\n                                    <\/div>\n            <!-- end repeatable item -->\n                    <!-- start repeatable item -->\n            <div class='etn-tab  ' data-id='tab5298-4'>\n                                        <div class='etn-single-schedule-item etn-row'>\n                            <div class='etn-schedule-info etn-col-lg-3 etn-col-sm-3'>\n                                                                    <span> 17:00 - 21:00 <\/span>\n                                                                        <span class='etn-schedule-location'>\n                                    <i class='fas fa-map-marker-alt'><\/i>Komuna, Kino \u0160i\u0161ka                                     <\/span>\n                                                                <\/div>\n                            <div class='etn-schedule-content etn-col-lg-6 etn-col-sm-6'>\n                                <h4 class='etn-title'>TADEJ DROLJC: LASER GRAFFITI - WORKSHOP<\/h4>\n                                <p>In the workshop, we will learn how to program and use a laser projector that can be used for the purposes of light graffiti or outdoor art interventions. The focus will be on a DIY approach that is based on controlling the laser with audio signals, but we will also learn about different (both hardware and software) approaches. We will draw graffiti with our mentor Tadej Droljc in vector graphics programs and then import them into a specially designed BeamShaper application. We will project the final works onto public surfaces in a guerrilla campaign with a van and lasers. The number of places at the workshop is limited, prior registration is required. <a href=\"https:\/\/2022.streetartfestival.si\/en\/event\/laser-graffiti-workshop-with-tadej-droljc\/\">Book your spot<\/a>\r\n<\/p>\n                            <\/div>\n                            <div class='etn-col-lg-3 etn-col-sm-3'>\n                                <div class='etn-schedule-right-content'>\n                                        <div class='etn-schedule-single-speaker'>\n                                            <div class='etn-schedule-speaker'>\n                                                                                        <\/div>\n                                        <\/div>\n                                <\/div>\n                            <\/div>\n                        <\/div>\n                                                <div class='etn-single-schedule-item etn-row'>\n                            <div class='etn-schedule-info etn-col-lg-3 etn-col-sm-3'>\n                                                                    <span> 18:00 -  <\/span>\n                                                                        <span class='etn-schedule-location'>\n                                    <i class='fas fa-map-marker-alt'><\/i>parking lot at Metelkova Health Centre                                    <\/span>\n                                                                <\/div>\n                            <div class='etn-schedule-content etn-col-lg-6 etn-col-sm-6'>\n                                <h4 class='etn-title'>VELI &amp; AMOS: AFTER THE SUN COMES THE SHADE - performative mural<\/h4>\n                                <p>Veli & Amos (SI and CH) are a multidisciplinary Slovenian-Swiss artistic duo dividing their time between Ljubljana and Zurich. They are known internationally for their distinctive pervasiveness and visual surprises that are founded in a language at the intersection of graffiti, artivism and performance and question the role of the artist, public space and contemporary marketing strategies. They are also the directors of the cult documentary Style Wars 2 (2013), which stars street art stars such as Banksy, Shepard Fairey and Seen. This time, they will create a mural on the 40-metre wall of the macadam parking lot at Metelkova using paint-filled fire extinguishers.<\/p>\n                            <\/div>\n                            <div class='etn-col-lg-3 etn-col-sm-3'>\n                                <div class='etn-schedule-right-content'>\n                                        <div class='etn-schedule-single-speaker'>\n                                            <div class='etn-schedule-speaker'>\n                                                                                        <\/div>\n                                        <\/div>\n                                <\/div>\n                            <\/div>\n                        <\/div>\n                                                <div class='etn-single-schedule-item etn-row'>\n                            <div class='etn-schedule-info etn-col-lg-3 etn-col-sm-3'>\n                                                                    <span> 20:30 - 00:00 <\/span>\n                                                                        <span class='etn-schedule-location'>\n                                    <i class='fas fa-map-marker-alt'><\/i>Square with no Historic Memory, Metelkova                                    <\/span>\n                                                                <\/div>\n                            <div class='etn-schedule-content etn-col-lg-6 etn-col-sm-6'>\n                                <h4 class='etn-title'>LJSAF X ODPRTO\/OPEN: SMRT BOGA IN OTROK - concert<\/h4>\n                                <p>SBO \u2013 Smrt boga in otrok is one of the few local acts that has gained recognition by stringing online hits. With a combination of hip-hop and electronic music, they have created a clearly recognizable cultural reworking of trap with a specific local historical experience, and their charm, innocent provocations and spontaneity quickly gained them widespread popularity. \r\nSnackboi will take us down the dark roads of a decadent, politically incorrect counterculture from the periphery of our society. The music of dirty 808 bass and drill slides, a gang mentality and autotuning that can be heard from Parisian banlieues to favelas in Rio de Janeiro. Music policy: nuthin\u2019 but dooope trap.<\/p>\n                            <\/div>\n                            <div class='etn-col-lg-3 etn-col-sm-3'>\n                                <div class='etn-schedule-right-content'>\n                                        <div class='etn-schedule-single-speaker'>\n                                            <div class='etn-schedule-speaker'>\n                                                                                        <\/div>\n                                        <\/div>\n                                <\/div>\n                            <\/div>\n                        <\/div>\n                                    <\/div>\n            <!-- end repeatable item -->\n                    <!-- start repeatable item -->\n            <div class='etn-tab  ' data-id='tab5299-5'>\n                                        <div class='etn-single-schedule-item etn-row'>\n                            <div class='etn-schedule-info etn-col-lg-3 etn-col-sm-3'>\n                                                                    <span> 15:00 - 22:00 <\/span>\n                                                                        <span class='etn-schedule-location'>\n                                    <i class='fas fa-map-marker-alt'><\/i>Square in front of Jalla Jalla and Ch0, Metelkova                                    <\/span>\n                                                                <\/div>\n                            <div class='etn-schedule-content etn-col-lg-6 etn-col-sm-6'>\n                                <h4 class='etn-title'>AMPS ON RAMPS AND MINI RAMP BENEFIT - concert and skate session<\/h4>\n                                <p><p><span style=\"font-weight: 400;\">We will turn Metelkova into an area for grinding skate wheels. The benefit event will raise funds for the construction of a mini ramp at Metelkova, and will include a skate session and juicy punk\/noise compositions from:<br \/><\/span><\/p>\r\n<p><span style=\"font-weight: 400;\">Bobson Dugnutt (IT\/DE, HC punk) \/ <a href=\"https:\/\/bobsondugnutt.bandcamp.com\/\">Bandcamp<\/a>, <\/span>Definite (IT, HC punk) \/ <a href=\"https:\/\/www.youtube.com\/watch?v=SShBVKByGig\">Youtube<\/a> \/ <a href=\"https:\/\/xdefinitex.bandcamp.com\/album\/exist-to-persist\">Bandcamp<\/a>, <span style=\"font-weight: 400;\">Catorico (IT, noise rock) \/ <\/span><a href=\"https:\/\/catorcio.bandcamp.com\/album\/vecchi-ep\">Bandcamp,<\/a><span style=\"font-weight: 400;\">\u00a0Glista (LJ, grindcore) \/ <\/span><a href=\"https:\/\/glista.bandcamp.com\/\">Bandcamp,<\/a>\u00a0Gr\u00fcnd (KR, HC\/grindcore) \/ <a href=\"https:\/\/m.youtube.com\/watch?v=lS_F27RQC58\">Youtube<\/a>\u00a0and others.<\/p>\r\n<p><span style=\"font-weight: 400;\">The sports and music event will later flip into a DJ evening.<\/span><\/p><\/p>\n                            <\/div>\n                            <div class='etn-col-lg-3 etn-col-sm-3'>\n                                <div class='etn-schedule-right-content'>\n                                        <div class='etn-schedule-single-speaker'>\n                                            <div class='etn-schedule-speaker'>\n                                                                                        <\/div>\n                                        <\/div>\n                                <\/div>\n                            <\/div>\n                        <\/div>\n                                                <div class='etn-single-schedule-item etn-row'>\n                            <div class='etn-schedule-info etn-col-lg-3 etn-col-sm-3'>\n                                                                    <span> 12:00 - 22:00 <\/span>\n                                                                        <span class='etn-schedule-location'>\n                                    <i class='fas fa-map-marker-alt'><\/i>Hall of Fame, Metelkova                                    <\/span>\n                                                                <\/div>\n                            <div class='etn-schedule-content etn-col-lg-6 etn-col-sm-6'>\n                                <h4 class='etn-title'>GRAFFITI JAM X VJ GRAFFITI - group mural and audiovisual performance<\/h4>\n                                <p><p>Hall of Fame will again come to life during a day of sprays, rollers and video projections. More than thirty members of the graffiti scene will once again take part in the group black-and-white mural painting, and their creations will then be video-mapped by VJs with audio-reactive visualisations in the evening. The cherry on top of the experience where street and digital art meet live will be the musical accompaniment by DJ Dulash.<\/p><\/br><p>Graffitarists: Lunar, Chez, Azram, Boris, Kapetan Kola\u010dkov, Amor, \u010cke, Trok <br \/><br \/><\/p>\r\n<p>VJ Lineup: BubblesFractals, F\u0160K, Knnz, LiAra T'Soni, Kino Novac, Mark Caserman, Periklea, rastrLAB<\/p><\/p>\n                            <\/div>\n                            <div class='etn-col-lg-3 etn-col-sm-3'>\n                                <div class='etn-schedule-right-content'>\n                                        <div class='etn-schedule-single-speaker'>\n                                            <div class='etn-schedule-speaker'>\n                                                                                        <\/div>\n                                        <\/div>\n                                <\/div>\n                            <\/div>\n                        <\/div>\n                                                <div class='etn-single-schedule-item etn-row'>\n                            <div class='etn-schedule-info etn-col-lg-3 etn-col-sm-3'>\n                                                                    <span> 18:00 - 20:00 <\/span>\n                                                                        <span class='etn-schedule-location'>\n                                    <i class='fas fa-map-marker-alt'><\/i>Metelkova                                    <\/span>\n                                                                <\/div>\n                            <div class='etn-schedule-content etn-col-lg-6 etn-col-sm-6'>\n                                <h4 class='etn-title'>MOSAICS WORKSHOP <\/h4>\n                                <p>At a creative workshop inspired by the visit of the street artist Invader, you will learn how to make a mosaic. Under the guidance of an experienced mentor, you will make your own pixelated mosaic, which will be incorporated onto Metelkova\u2019s walls as a permanent installation. Mentored by Miha Perne. <a href=\"https:\/\/2022.streetartfestival.si\/en\/event\/mosaics-workshop\/\">Book your spot >><\/a><\/p>\n                            <\/div>\n                            <div class='etn-col-lg-3 etn-col-sm-3'>\n                                <div class='etn-schedule-right-content'>\n                                        <div class='etn-schedule-single-speaker'>\n                                            <div class='etn-schedule-speaker'>\n                                                                                        <\/div>\n                                        <\/div>\n                                <\/div>\n                            <\/div>\n                        <\/div>\n                                                <div class='etn-single-schedule-item etn-row'>\n                            <div class='etn-schedule-info etn-col-lg-3 etn-col-sm-3'>\n                                                                    <span> 18:00 - 20:00 <\/span>\n                                                                        <span class='etn-schedule-location'>\n                                    <i class='fas fa-map-marker-alt'><\/i>Metelkova                                    <\/span>\n                                                                <\/div>\n                            <div class='etn-schedule-content etn-col-lg-6 etn-col-sm-6'>\n                                <h4 class='etn-title'>STREET ART WORKSHOP<\/h4>\n                                <p>Under the guidance of seasoned street artists, you\u2019ll learn all the basics of street art. The workshop encompasses both the basics and the unwritten street rules, encouraging you to develop your own artistic style. Mentored by Fedja \u0160i\u010darov. <a href=\"https:\/\/2022.streetartfestival.si\/en\/event\/street-art-workshop\/\">Book your spot >><\/a><\/p>\n                            <\/div>\n                            <div class='etn-col-lg-3 etn-col-sm-3'>\n                                <div class='etn-schedule-right-content'>\n                                        <div class='etn-schedule-single-speaker'>\n                                            <div class='etn-schedule-speaker'>\n                                                                                        <\/div>\n                                        <\/div>\n                                <\/div>\n                            <\/div>\n                        <\/div>\n                                                <div class='etn-single-schedule-item etn-row'>\n                            <div class='etn-schedule-info etn-col-lg-3 etn-col-sm-3'>\n                                                                    <span> 18:00 - 20:00 <\/span>\n                                                                        <span class='etn-schedule-location'>\n                                    <i class='fas fa-map-marker-alt'><\/i>Metelkova                                    <\/span>\n                                                                <\/div>\n                            <div class='etn-schedule-content etn-col-lg-6 etn-col-sm-6'>\n                                <h4 class='etn-title'>STENCIL SILKSCREEN WORKSHOP<\/h4>\n                                <p>We will dress up in handicraft clothes and let our imagination run wild. Your favourite motifs will be find their way onto T-shirts and bags. It is preferable to bring the cotton materials you wish to print with the graphics. Mentored by Danijela Zajc. <a href=\"https:\/\/2022.streetartfestival.si\/en\/event\/stencil-silkscreen-workshop\/\">Book your spot >><\/a><\/p>\n                            <\/div>\n                            <div class='etn-col-lg-3 etn-col-sm-3'>\n                                <div class='etn-schedule-right-content'>\n                                        <div class='etn-schedule-single-speaker'>\n                                            <div class='etn-schedule-speaker'>\n                                                                                        <\/div>\n                                        <\/div>\n                                <\/div>\n                            <\/div>\n                        <\/div>\n                                    <\/div>\n            <!-- end repeatable item -->\n                    <!-- start repeatable item -->\n            <div class='etn-tab  ' data-id='tab5301-6'>\n                                        <div class='etn-single-schedule-item etn-row'>\n                            <div class='etn-schedule-info etn-col-lg-3 etn-col-sm-3'>\n                                                                    <span> 16:30 - 18:00 <\/span>\n                                                                        <span class='etn-schedule-location'>\n                                    <i class='fas fa-map-marker-alt'><\/i>Argentinski Square                                     <\/span>\n                                                                <\/div>\n                            <div class='etn-schedule-content etn-col-lg-6 etn-col-sm-6'>\n                                <h4 class='etn-title'>INVADER\u2019S STREET ART TOUR<\/h4>\n                                <p>Join us in a real life video game, exploring Ljubljana\u2019s pixelated urban creation produced by the world-famous street artist Invader. The tours ends in Prule, in front of ZEBU\u2019s freshly-pained mural. \r\n\r\n <a href=\"https:\/\/2022.streetartfestival.si\/en\/event\/invaders-street-art-tour\/\">Book your spot >><\/a><\/p>\n                            <\/div>\n                            <div class='etn-col-lg-3 etn-col-sm-3'>\n                                <div class='etn-schedule-right-content'>\n                                        <div class='etn-schedule-single-speaker'>\n                                            <div class='etn-schedule-speaker'>\n                                                                                        <\/div>\n                                        <\/div>\n                                <\/div>\n                            <\/div>\n                        <\/div>\n                                                <div class='etn-single-schedule-item etn-row'>\n                            <div class='etn-schedule-info etn-col-lg-3 etn-col-sm-3'>\n                                                                    <span> 18:00 -  <\/span>\n                                                                        <span class='etn-schedule-location'>\n                                    <i class='fas fa-map-marker-alt'><\/i>Dance Theatre Ljubljana                                    <\/span>\n                                                                <\/div>\n                            <div class='etn-schedule-content etn-col-lg-6 etn-col-sm-6'>\n                                <h4 class='etn-title'>ZEBU: PEOPLE IN MOTION - mural unveiling<\/h4>\n                                <p>Lynn Lehmann and Dennis G\u00e4rtner (DE) are ZEBU, a creative duo from Berlin. They are active in the fields of urban art, illustration, painting and screen printing. ZEBU depict human figures in an abstract way, and the message of their artwork is addressed to different social groups and spaces. Their artistic creations range from urban tapestries to facades and posters. With a special sensitivity for urban space, they have presented their works at international exhibitions in St. Petersburg, New York, Seoul, London and Berlin. In Ljubljana, they will leave their mark on the wall of Dance Theatre Ljubljana with the People in Motion mural.\r\nThe unveiling will be followed by a music session at the Prul\u010dek bar.\r\n<\/p>\n                            <\/div>\n                            <div class='etn-col-lg-3 etn-col-sm-3'>\n                                <div class='etn-schedule-right-content'>\n                                        <div class='etn-schedule-single-speaker'>\n                                            <div class='etn-schedule-speaker'>\n                                                                                                        <div class='etn-schedule-single-speaker'>\n                                                                <a href='https:\/\/2022.streetartfestival.si\/speakers\/zebu\/'>\n                                                                    <img src='https:\/\/2022.streetartfestival.si\/wp-content\/uploads\/2022\/06\/ZEBU01-1_beschnitten-e1654852512333-750x465.jpg' alt='ZEBU'>\n                                                                <\/a>\n                                                                <span class='etn-schedule-speaker-title'>ZEBU<\/span>\n                                                            <\/div>\n                                                                                                    <\/div>\n                                        <\/div>\n                                <\/div>\n                            <\/div>\n                        <\/div>\n                                                <div class='etn-single-schedule-item etn-row'>\n                            <div class='etn-schedule-info etn-col-lg-3 etn-col-sm-3'>\n                                                                    <span> 20:00 -  <\/span>\n                                                                        <span class='etn-schedule-location'>\n                                    <i class='fas fa-map-marker-alt'><\/i>Sax Pub                                    <\/span>\n                                                                <\/div>\n                            <div class='etn-schedule-content etn-col-lg-6 etn-col-sm-6'>\n                                <h4 class='etn-title'>Mathieu Tremblin: Wrong Restoration: \u201cSax Pub\u201dMural unveiling and festival closing<\/h4>\n                                <p>Since the first commissioned graffiti mural \u201cSax Pub\u201d from 1985 has faded over the decades, Mathieu Tremblin will perform a wrong restoration inspired by analog photography, thus inverting the entire appearance of the mural. Wrong restoration is a principle of intervention that imitates the work of eager workers or citizens on ancient or contemporary murals that have been erased by time or defaced by vandal acts. The result of this wrong restoration of neo-mural works is an altered or alternative version of the mural. Instead of restoring the mural to its original state, it maintains its intermediate status, neither accurate nor destroyed. It acknowledges a graphical consensus on how to represent the legitimate presence and tension between graffiti and muralism, vandalism and decoration.\r\nMathieu Tremblin (FR) is a visual artist and a PhD in Visual Arts at Strasbourg University. His theory and practice are inspired by anonymous, autonomous and spontaneous expressions in urban space that challenge the order of law, representation and symbolization of the city. He works on site-specific urban interventions using the method of walks, the design of tools and the d\u00e9tournement of objects.\r\n\r\nCo-produced by Sax Pub.\r\n<\/p>\n                            <\/div>\n                            <div class='etn-col-lg-3 etn-col-sm-3'>\n                                <div class='etn-schedule-right-content'>\n                                        <div class='etn-schedule-single-speaker'>\n                                            <div class='etn-schedule-speaker'>\n                                                                                                        <div class='etn-schedule-single-speaker'>\n                                                                <a href='https:\/\/2022.streetartfestival.si\/speakers\/mathieu-tremblin\/'>\n                                                                    <img src='https:\/\/2022.streetartfestival.si\/wp-content\/uploads\/2022\/06\/Mathieu-Tremblin-Ljubljana-Street-Art-Festival-2-750x465.jpg' alt='Mathieu Tremblin'>\n                                                                <\/a>\n                                                                <span class='etn-schedule-speaker-title'>Mathieu Tremblin<\/span>\n                                                            <\/div>\n                                                                                                    <\/div>\n                                        <\/div>\n                                <\/div>\n                            <\/div>\n                        <\/div>\n                                    <\/div>\n            <!-- end repeatable item -->\n            <\/div>\n<\/div>\n<!-- schedule tab end -->\n\t\t<\/div>\n\t\t\t\t<\/div>\n\t\t\t\t\t\t<\/div>\n\t\t\t\t\t<\/div>\n\t\t<\/div>\n\t\t\t\t\t\t\t\t<\/div>\n\t\t\t\t\t<\/div>\n\t\t<\/section>\n\t\t\t\t<section class=\"elementor-section elementor-top-section elementor-element elementor-element-98c2f34 elementor-section-boxed elementor-section-height-default elementor-section-height-default\" data-id=\"98c2f34\" data-element_type=\"section\" data-settings=\"{&quot;background_background&quot;:&quot;classic&quot;}\">\n\t\t\t\t\t\t\t<div class=\"elementor-background-overlay\"><\/div>\n\t\t\t\t\t\t\t<div class=\"elementor-container elementor-column-gap-default\">\n\t\t\t\t\t\t\t<div class=\"elementor-row\">\n\t\t\t\t\t<div class=\"elementor-column elementor-col-100 elementor-top-column elementor-element elementor-element-339f754\" data-id=\"339f754\" data-element_type=\"column\">\n\t\t\t<div class=\"elementor-column-wrap elementor-element-populated\">\n\t\t\t\t\t\t\t<div class=\"elementor-widget-wrap\">\n\t\t\t\t\t\t<div class=\"elementor-element elementor-element-e7c3329 elementor-invisible elementor-widget elementor-widget-exhibz-title\" data-id=\"e7c3329\" data-element_type=\"widget\" data-settings=\"{&quot;_animation&quot;:&quot;slideInUp&quot;,&quot;_animation_delay&quot;:350,&quot;ekit_we_effect_on&quot;:&quot;none&quot;}\" data-widget_type=\"exhibz-title.default\">\n\t\t\t\t<div class=\"elementor-widget-container\">\n\t\t\t\n    <div class=\"title-section-area\">\n        <h2 class=\"section-title\">\n            <span class=\"sub-title\">MAIN GUESTS OF LJUBLJANA STREET ART FESTIVAL<\/span>\n\t\t\tQueens and Kings\n        <\/h2>\n\t\t                    <span class=\"title-shape\">\n                  <svg xmlns='http:\/\/www.w3.org\/2000\/svg' xmlns:xlink='http:\/\/www.w3.org\/1999\/xlink' width='71px' height='11px'> <path fill-rule='evenodd' d='M59.669,10.710 L49.164,3.306 L39.428,10.681 L29.714,3.322 L20.006,10.682 L10.295,3.322 L1.185,10.228 L-0.010,8.578 L10.295,0.765 L20.006,8.125 L29.714,0.765 L39.428,8.125 L49.122,0.781 L59.680,8.223 L69.858,1.192 L70.982,2.895 L59.669,10.710 Z'\/><\/svg>\n            <\/span>\n                    <\/div><!-- Section title -->\n    \n    \n\n    \t\t<\/div>\n\t\t\t\t<\/div>\n\t\t\t\t<div class=\"elementor-element elementor-element-2388401 elementor-invisible elementor-widget elementor-widget-etn-speaker\" data-id=\"2388401\" data-element_type=\"widget\" data-settings=\"{&quot;_animation&quot;:&quot;fadeInUp&quot;,&quot;ekit_we_effect_on&quot;:&quot;none&quot;}\" data-widget_type=\"etn-speaker.default\">\n\t\t\t\t<div class=\"elementor-widget-container\">\n\t\t\t    <div class='etn-row etn-speaker-wrapper'>\n                    <div class=\"etn-col-lg-4 etn-col-md-6\">\n                <div class=\"etn-speaker-item\">\n                    <div class=\"etn-speaker-thumb\">\n                                                    <a href=\"https:\/\/2022.streetartfestival.si\/en\/speakers\/cibo-pier-paolo-spinazz%c3%a8\/\" class=\"etn-img-link\">\n                                <img src=\"https:\/\/2022.streetartfestival.si\/wp-content\/uploads\/2022\/06\/Cibo-Ljubljana-2-1-750x465.jpg\" alt=\"Ljubljana Street Art Festival 2022\">\n                            <\/a>\n                                                    <div class=\"etn-speakers-social\">\n                                                    <\/div>\n                    <\/div>\n                    <div class=\"etn-speaker-content\">\n                        <h3 class=\"etn-title etn-speaker-title\"><a href=\"https:\/\/2022.streetartfestival.si\/en\/speakers\/cibo-pier-paolo-spinazz%c3%a8\/\"> Cibo (Pier Paolo Spinazz\u00e8)<\/a> <\/h3>\n                        <p>\n                                                    <\/p>\n                    <\/div>\n                <\/div>\n            <\/div>\n                        <div class=\"etn-col-lg-4 etn-col-md-6\">\n                <div class=\"etn-speaker-item\">\n                    <div class=\"etn-speaker-thumb\">\n                                                    <a href=\"https:\/\/2022.streetartfestival.si\/en\/speakers\/zebu\/\" class=\"etn-img-link\">\n                                <img src=\"https:\/\/2022.streetartfestival.si\/wp-content\/uploads\/2022\/06\/ZEBU01-1_beschnitten-750x465.jpg\" alt=\"Ljubljana Street Art Festival 2022\">\n                            <\/a>\n                                                    <div class=\"etn-speakers-social\">\n                                                    <\/div>\n                    <\/div>\n                    <div class=\"etn-speaker-content\">\n                        <h3 class=\"etn-title etn-speaker-title\"><a href=\"https:\/\/2022.streetartfestival.si\/en\/speakers\/zebu\/\"> ZEBU<\/a> <\/h3>\n                        <p>\n                                                    <\/p>\n                    <\/div>\n                <\/div>\n            <\/div>\n                        <div class=\"etn-col-lg-4 etn-col-md-6\">\n                <div class=\"etn-speaker-item\">\n                    <div class=\"etn-speaker-thumb\">\n                                                    <a href=\"https:\/\/2022.streetartfestival.si\/en\/speakers\/alexandra-henry\/\" class=\"etn-img-link\">\n                                <img src=\"https:\/\/2022.streetartfestival.si\/wp-content\/uploads\/2022\/06\/Blog-Alexandria-Henry-480x465.jpeg\" alt=\"Ljubljana Street Art Festival 2022\">\n                            <\/a>\n                                                    <div class=\"etn-speakers-social\">\n                                                    <\/div>\n                    <\/div>\n                    <div class=\"etn-speaker-content\">\n                        <h3 class=\"etn-title etn-speaker-title\"><a href=\"https:\/\/2022.streetartfestival.si\/en\/speakers\/alexandra-henry\/\"> Alexandra Henry<\/a> <\/h3>\n                        <p>\n                                                    <\/p>\n                    <\/div>\n                <\/div>\n            <\/div>\n                        <div class=\"etn-col-lg-4 etn-col-md-6\">\n                <div class=\"etn-speaker-item\">\n                    <div class=\"etn-speaker-thumb\">\n                                                    <a href=\"https:\/\/2022.streetartfestival.si\/en\/speakers\/veli-silver-amos-angeles\/\" class=\"etn-img-link\">\n                                <img src=\"https:\/\/2022.streetartfestival.si\/wp-content\/uploads\/2022\/06\/Veli-and-Amos-750x465.jpg\" alt=\"Ljubljana Street Art Festival 2022\">\n                            <\/a>\n                                                    <div class=\"etn-speakers-social\">\n                                                    <\/div>\n                    <\/div>\n                    <div class=\"etn-speaker-content\">\n                        <h3 class=\"etn-title etn-speaker-title\"><a href=\"https:\/\/2022.streetartfestival.si\/en\/speakers\/veli-silver-amos-angeles\/\"> Veli Silver &#038; Amos Angeles<\/a> <\/h3>\n                        <p>\n                                                    <\/p>\n                    <\/div>\n                <\/div>\n            <\/div>\n                        <div class=\"etn-col-lg-4 etn-col-md-6\">\n                <div class=\"etn-speaker-item\">\n                    <div class=\"etn-speaker-thumb\">\n                                                    <a href=\"https:\/\/2022.streetartfestival.si\/en\/speakers\/epos-257\/\" class=\"etn-img-link\">\n                                <img src=\"https:\/\/2022.streetartfestival.si\/wp-content\/uploads\/2022\/06\/Epos-257-O-750x465.jpg\" alt=\"Ljubljana Street Art Festival 2022\">\n                            <\/a>\n                                                    <div class=\"etn-speakers-social\">\n                                                    <\/div>\n                    <\/div>\n                    <div class=\"etn-speaker-content\">\n                        <h3 class=\"etn-title etn-speaker-title\"><a href=\"https:\/\/2022.streetartfestival.si\/en\/speakers\/epos-257\/\"> Epos 257<\/a> <\/h3>\n                        <p>\n                                                    <\/p>\n                    <\/div>\n                <\/div>\n            <\/div>\n                <\/div>\n    \t\t<\/div>\n\t\t\t\t<\/div>\n\t\t\t\t\t\t<\/div>\n\t\t\t\t\t<\/div>\n\t\t<\/div>\n\t\t\t\t\t\t\t\t<\/div>\n\t\t\t\t\t<\/div>\n\t\t<\/section>\n\t\t\t\t<section class=\"elementor-section elementor-top-section elementor-element elementor-element-92544aa elementor-section-boxed elementor-section-height-default elementor-section-height-default\" data-id=\"92544aa\" data-element_type=\"section\">\n\t\t\t\t\t\t<div class=\"elementor-container elementor-column-gap-default\">\n\t\t\t\t\t\t\t<div class=\"elementor-row\">\n\t\t\t\t\t<div class=\"elementor-column elementor-col-33 elementor-top-column elementor-element elementor-element-f9ea131\" data-id=\"f9ea131\" data-element_type=\"column\">\n\t\t\t<div class=\"elementor-column-wrap elementor-element-populated\">\n\t\t\t\t\t\t\t<div class=\"elementor-widget-wrap\">\n\t\t\t\t\t\t<div class=\"elementor-element elementor-element-94bd828 elementor-widget elementor-widget-text-editor\" data-id=\"94bd828\" data-element_type=\"widget\" data-settings=\"{&quot;ekit_we_effect_on&quot;:&quot;none&quot;}\" data-widget_type=\"text-editor.default\">\n\t\t\t\t<div class=\"elementor-widget-container\">\n\t\t\t\t\t\t\t\t<div class=\"elementor-text-editor elementor-clearfix\">\n\t\t\t\t<h3><span style=\"color: #ff007a;\"><b>MONDAY, 27. 6.\u2013SUNDAY, 3. 7. 2022<\/b><\/span><\/h3><p><b>Cibo: When Walls Talk- <\/b><b>murals<\/b><\/p><p><b>various locations<\/b><\/p>\t\t\t\t\t<\/div>\n\t\t\t\t\t\t<\/div>\n\t\t\t\t<\/div>\n\t\t\t\t\t\t<\/div>\n\t\t\t\t\t<\/div>\n\t\t<\/div>\n\t\t\t\t<div class=\"elementor-column elementor-col-66 elementor-top-column elementor-element elementor-element-a4ba5d9\" data-id=\"a4ba5d9\" data-element_type=\"column\">\n\t\t\t<div class=\"elementor-column-wrap elementor-element-populated\">\n\t\t\t\t\t\t\t<div class=\"elementor-widget-wrap\">\n\t\t\t\t\t\t<div class=\"elementor-element elementor-element-c09ab1f elementor-widget elementor-widget-text-editor\" data-id=\"c09ab1f\" data-element_type=\"widget\" data-settings=\"{&quot;ekit_we_effect_on&quot;:&quot;none&quot;}\" data-widget_type=\"text-editor.default\">\n\t\t\t\t<div class=\"elementor-widget-container\">\n\t\t\t\t\t\t\t\t<div class=\"elementor-text-editor elementor-clearfix\">\n\t\t\t\t<p><span style=\"font-weight: 400;\">The When Walls Talk event will be dedicated to recognizing and understanding hate speech on the streets of Ljubljana. In addition to thematic lectures on graffiti ideologies, Italian street artist <\/span><b>Cibo <\/b><span style=\"font-weight: 400;\">(<\/span><b>Pier Paolo Spinazz\u00e8<\/b><span style=\"font-weight: 400;\">) will show how he subverts hate speech on walls in practice. In a co-production with the Pride Parade Association, we will first call for the recording of intolerant graffiti in public spaces on the Dekontraminacija online platform, and Cibo will then suitably adapt the received graffiti.<\/span><\/p><p><span style=\"font-weight: 400;\">Pier Paolo Spinazz\u00e8 aka Cibo is an internationally acclaimed street artist who has been transforming symbols of hatred into culinary forms for more than twenty years. Under the pseudonym Cibo (\u201cfood\u201d), the artist artfully graffities fruit, produce and other Italian culinary delicacies over hate speech, transforming one hostile message after another into giant strawberries, pasta with tomatoes or wedges of parmesan.<\/span><\/p>\t\t\t\t\t<\/div>\n\t\t\t\t\t\t<\/div>\n\t\t\t\t<\/div>\n\t\t\t\t\t\t<\/div>\n\t\t\t\t\t<\/div>\n\t\t<\/div>\n\t\t\t\t\t\t\t\t<\/div>\n\t\t\t\t\t<\/div>\n\t\t<\/section>\n\t\t\t\t<section class=\"elementor-section elementor-top-section elementor-element elementor-element-28b3805 elementor-section-boxed elementor-section-height-default elementor-section-height-default\" data-id=\"28b3805\" data-element_type=\"section\">\n\t\t\t\t\t\t<div class=\"elementor-container elementor-column-gap-default\">\n\t\t\t\t\t\t\t<div class=\"elementor-row\">\n\t\t\t\t\t<div class=\"elementor-column elementor-col-33 elementor-top-column elementor-element elementor-element-87eb9ed\" data-id=\"87eb9ed\" data-element_type=\"column\">\n\t\t\t<div class=\"elementor-column-wrap elementor-element-populated\">\n\t\t\t\t\t\t\t<div class=\"elementor-widget-wrap\">\n\t\t\t\t\t\t<div class=\"elementor-element elementor-element-2577611 elementor-widget elementor-widget-text-editor\" data-id=\"2577611\" data-element_type=\"widget\" data-settings=\"{&quot;ekit_we_effect_on&quot;:&quot;none&quot;}\" data-widget_type=\"text-editor.default\">\n\t\t\t\t<div class=\"elementor-widget-container\">\n\t\t\t\t\t\t\t\t<div class=\"elementor-text-editor elementor-clearfix\">\n\t\t\t\t<h3><span style=\"color: #ff007a;\"><b>MONDAY, 27. 6.\u2013SUNDAY, 3. 7. 2022<\/b><\/span><\/h3><p><b>The Miha Artnak: Identity <\/b><b>performative street art<\/b><\/p><p><b>various locations<\/b><\/p>\t\t\t\t\t<\/div>\n\t\t\t\t\t\t<\/div>\n\t\t\t\t<\/div>\n\t\t\t\t\t\t<\/div>\n\t\t\t\t\t<\/div>\n\t\t<\/div>\n\t\t\t\t<div class=\"elementor-column elementor-col-66 elementor-top-column elementor-element elementor-element-dad256f\" data-id=\"dad256f\" data-element_type=\"column\">\n\t\t\t<div class=\"elementor-column-wrap elementor-element-populated\">\n\t\t\t\t\t\t\t<div class=\"elementor-widget-wrap\">\n\t\t\t\t\t\t<div class=\"elementor-element elementor-element-baea928 elementor-widget elementor-widget-text-editor\" data-id=\"baea928\" data-element_type=\"widget\" data-settings=\"{&quot;ekit_we_effect_on&quot;:&quot;none&quot;}\" data-widget_type=\"text-editor.default\">\n\t\t\t\t<div class=\"elementor-widget-container\">\n\t\t\t\t\t\t\t\t<div class=\"elementor-text-editor elementor-clearfix\">\n\t\t\t\t<p><b>The Miha Artnak <\/b><span style=\"font-weight: 400;\">will immortalise his many years of research on the history of local street art, in which he implements the method of a 5-step participatory approach to public space, with a spontaneously well-coordinated performance. In the work Identity, in accordance with the principle of co-creation from Potempaean praxis, he will shift between the identities of researcher, artist and activist.<\/span><\/p><p><span style=\"font-weight: 400;\">The Miha Artnak (SI) is the founder and director of the strategic design studio Ljudje. He creates in the interspace of contemporary art, street art, performance and design.<\/span><\/p><p><i><span style=\"font-weight: 400;\">Co-produced by the Office for Interventions and the Brener and Schurz Foundation.<\/span><\/i><\/p>\t\t\t\t\t<\/div>\n\t\t\t\t\t\t<\/div>\n\t\t\t\t<\/div>\n\t\t\t\t\t\t<\/div>\n\t\t\t\t\t<\/div>\n\t\t<\/div>\n\t\t\t\t\t\t\t\t<\/div>\n\t\t\t\t\t<\/div>\n\t\t<\/section>\n\t\t\t\t<section class=\"elementor-section elementor-top-section elementor-element elementor-element-a9096c1 elementor-section-boxed elementor-section-height-default elementor-section-height-default\" data-id=\"a9096c1\" data-element_type=\"section\" data-settings=\"{&quot;background_background&quot;:&quot;classic&quot;}\">\n\t\t\t\t\t\t\t<div class=\"elementor-background-overlay\"><\/div>\n\t\t\t\t\t\t\t<div class=\"elementor-container elementor-column-gap-default\">\n\t\t\t\t\t\t\t<div class=\"elementor-row\">\n\t\t\t\t\t<div class=\"elementor-column elementor-col-100 elementor-top-column elementor-element elementor-element-0a0d52a\" data-id=\"0a0d52a\" data-element_type=\"column\">\n\t\t\t<div class=\"elementor-column-wrap elementor-element-populated\">\n\t\t\t\t\t\t\t<div class=\"elementor-widget-wrap\">\n\t\t\t\t\t\t<div class=\"elementor-element elementor-element-809151b elementor-invisible elementor-widget elementor-widget-exhibz-title\" data-id=\"809151b\" data-element_type=\"widget\" data-settings=\"{&quot;_animation&quot;:&quot;slideInUp&quot;,&quot;_animation_delay&quot;:350,&quot;ekit_we_effect_on&quot;:&quot;none&quot;}\" data-widget_type=\"exhibz-title.default\">\n\t\t\t\t<div class=\"elementor-widget-container\">\n\t\t\t\n    <div class=\"title-section-area\">\n        <h2 class=\"section-title\">\n            <span class=\"sub-title\">HEAR US OUT<\/span>\n\t\t\tSpeakers\n        <\/h2>\n\t\t\t\t\t<div class=\"title-desc\"><div class=\"elementor-element elementor-element-809151b elementor-widget elementor-widget-exhibz-title animated slideInUp\"><div class=\"elementor-widget-container\"><div class=\"title-section-area\"><div class=\"title-desc\"><p>Participants of international conference\u00a0<a href=\"https:\/\/2022.streetartfestival.si\/en\/street-art-conference\/\" target=\"_blank\" rel=\"noopener\"><em>FORM(AT):<\/em>\u00a0<\/a><i>Documenting, Collecting and Archiving Street Art in Theory and Practice.<\/i><\/p><\/div><\/div><\/div><\/div><\/div>\n\t\t                    <span class=\"title-shape\">\n                  <svg xmlns='http:\/\/www.w3.org\/2000\/svg' xmlns:xlink='http:\/\/www.w3.org\/1999\/xlink' width='71px' height='11px'> <path fill-rule='evenodd' d='M59.669,10.710 L49.164,3.306 L39.428,10.681 L29.714,3.322 L20.006,10.682 L10.295,3.322 L1.185,10.228 L-0.010,8.578 L10.295,0.765 L20.006,8.125 L29.714,0.765 L39.428,8.125 L49.122,0.781 L59.680,8.223 L69.858,1.192 L70.982,2.895 L59.669,10.710 Z'\/><\/svg>\n            <\/span>\n                    <\/div><!-- Section title -->\n    \n    \n\n    \t\t<\/div>\n\t\t\t\t<\/div>\n\t\t\t\t<div class=\"elementor-element elementor-element-21c9522 elementor-invisible elementor-widget elementor-widget-etn-speaker\" data-id=\"21c9522\" data-element_type=\"widget\" data-settings=\"{&quot;_animation&quot;:&quot;fadeInUp&quot;,&quot;ekit_we_effect_on&quot;:&quot;none&quot;}\" data-widget_type=\"etn-speaker.default\">\n\t\t\t\t<div class=\"elementor-widget-container\">\n\t\t\t    <div class='etn-row etn-speaker-wrapper'>\n                    <div class=\"etn-col-lg-3 etn-col-md-6\">\n                <div class=\"etn-speaker-item\">\n                    <div class=\"etn-speaker-thumb\">\n                                                    <a href=\"https:\/\/2022.streetartfestival.si\/en\/speakers\/anton-polsky\/\" class=\"etn-img-link\">\n                                <img src=\"https:\/\/2022.streetartfestival.si\/wp-content\/uploads\/2022\/06\/Anton-Polsky-Ljubljana-Street-Art-Festival-649x465.jpg\" alt=\"Ljubljana Street Art Festival 2022\">\n                            <\/a>\n                                                    <div class=\"etn-speakers-social\">\n                                                    <\/div>\n                    <\/div>\n                    <div class=\"etn-speaker-content\">\n                        <h3 class=\"etn-title etn-speaker-title\"><a href=\"https:\/\/2022.streetartfestival.si\/en\/speakers\/anton-polsky\/\"> Anton Polsky<\/a> <\/h3>\n                        <p>\n                                                    <\/p>\n                    <\/div>\n                <\/div>\n            <\/div>\n                        <div class=\"etn-col-lg-3 etn-col-md-6\">\n                <div class=\"etn-speaker-item\">\n                    <div class=\"etn-speaker-thumb\">\n                                                    <a href=\"https:\/\/2022.streetartfestival.si\/en\/speakers\/chris-parkinson\/\" class=\"etn-img-link\">\n                                <img src=\"https:\/\/2022.streetartfestival.si\/wp-content\/uploads\/2022\/06\/Chris-Parkinson-Ljubljana-Street-Art-Festival-737x465.jpg\" alt=\"Ljubljana Street Art Festival 2022\">\n                            <\/a>\n                                                    <div class=\"etn-speakers-social\">\n                                                    <\/div>\n                    <\/div>\n                    <div class=\"etn-speaker-content\">\n                        <h3 class=\"etn-title etn-speaker-title\"><a href=\"https:\/\/2022.streetartfestival.si\/en\/speakers\/chris-parkinson\/\"> Chris Parkinson<\/a> <\/h3>\n                        <p>\n                                                    <\/p>\n                    <\/div>\n                <\/div>\n            <\/div>\n                        <div class=\"etn-col-lg-3 etn-col-md-6\">\n                <div class=\"etn-speaker-item\">\n                    <div class=\"etn-speaker-thumb\">\n                                                    <a href=\"https:\/\/2022.streetartfestival.si\/en\/speakers\/christian-gerini\/\" class=\"etn-img-link\">\n                                <img src=\"https:\/\/2022.streetartfestival.si\/wp-content\/uploads\/2022\/06\/Christian-Gerini-Ljubljana-Street-Art-Festival.jpg\" alt=\"Ljubljana Street Art Festival 2022\">\n                            <\/a>\n                                                    <div class=\"etn-speakers-social\">\n                                                    <\/div>\n                    <\/div>\n                    <div class=\"etn-speaker-content\">\n                        <h3 class=\"etn-title etn-speaker-title\"><a href=\"https:\/\/2022.streetartfestival.si\/en\/speakers\/christian-gerini\/\"> Christian Gerini<\/a> <\/h3>\n                        <p>\n                                                    <\/p>\n                    <\/div>\n                <\/div>\n            <\/div>\n                        <div class=\"etn-col-lg-3 etn-col-md-6\">\n                <div class=\"etn-speaker-item\">\n                    <div class=\"etn-speaker-thumb\">\n                                                    <a href=\"https:\/\/2022.streetartfestival.si\/en\/speakers\/elena-calderon-alaez\/\" class=\"etn-img-link\">\n                                <img src=\"https:\/\/2022.streetartfestival.si\/wp-content\/uploads\/2022\/06\/Elena-Calderon-Alaez-Ljubljana-Street-Art-Festival-750x465.jpg\" alt=\"Ljubljana Street Art Festival 2022\">\n                            <\/a>\n                                                    <div class=\"etn-speakers-social\">\n                                                    <\/div>\n                    <\/div>\n                    <div class=\"etn-speaker-content\">\n                        <h3 class=\"etn-title etn-speaker-title\"><a href=\"https:\/\/2022.streetartfestival.si\/en\/speakers\/elena-calderon-alaez\/\"> Elena Calderon Alaez<\/a> <\/h3>\n                        <p>\n                                                    <\/p>\n                    <\/div>\n                <\/div>\n            <\/div>\n                        <div class=\"etn-col-lg-3 etn-col-md-6\">\n                <div class=\"etn-speaker-item\">\n                    <div class=\"etn-speaker-thumb\">\n                                                    <a href=\"https:\/\/2022.streetartfestival.si\/en\/speakers\/enrico-bonadio\/\" class=\"etn-img-link\">\n                                <img src=\"https:\/\/2022.streetartfestival.si\/wp-content\/uploads\/2022\/06\/Enrico-Bonadio-Ljubljana-Street-Art-Festival-750x465.jpg\" alt=\"Ljubljana Street Art Festival 2022\">\n                            <\/a>\n                                                    <div class=\"etn-speakers-social\">\n                                                    <\/div>\n                    <\/div>\n                    <div class=\"etn-speaker-content\">\n                        <h3 class=\"etn-title etn-speaker-title\"><a href=\"https:\/\/2022.streetartfestival.si\/en\/speakers\/enrico-bonadio\/\"> Enrico Bonadio<\/a> <\/h3>\n                        <p>\n                                                    <\/p>\n                    <\/div>\n                <\/div>\n            <\/div>\n                        <div class=\"etn-col-lg-3 etn-col-md-6\">\n                <div class=\"etn-speaker-item\">\n                    <div class=\"etn-speaker-thumb\">\n                                                    <a href=\"https:\/\/2022.streetartfestival.si\/en\/speakers\/eynat-mendelson-shwartz\/\" class=\"etn-img-link\">\n                                <img src=\"https:\/\/2022.streetartfestival.si\/wp-content\/uploads\/2022\/06\/Eynat-Mendelson-Ljubljana-Street-Art-Festival-750x465.jpg\" alt=\"Ljubljana Street Art Festival 2022\">\n                            <\/a>\n                                                    <div class=\"etn-speakers-social\">\n                                                    <\/div>\n                    <\/div>\n                    <div class=\"etn-speaker-content\">\n                        <h3 class=\"etn-title etn-speaker-title\"><a href=\"https:\/\/2022.streetartfestival.si\/en\/speakers\/eynat-mendelson-shwartz\/\"> Eynat Mendelson-Shwartz<\/a> <\/h3>\n                        <p>\n                                                    <\/p>\n                    <\/div>\n                <\/div>\n            <\/div>\n                        <div class=\"etn-col-lg-3 etn-col-md-6\">\n                <div class=\"etn-speaker-item\">\n                    <div class=\"etn-speaker-thumb\">\n                                                    <a href=\"https:\/\/2022.streetartfestival.si\/en\/speakers\/francisca-fern%c3%a1ndez-merino\/\" class=\"etn-img-link\">\n                                <img src=\"https:\/\/2022.streetartfestival.si\/wp-content\/uploads\/2022\/06\/Fran-Ferna\u0301ndez-Ljubljana-Street-Art-Festival-750x465.jpg\" alt=\"Ljubljana Street Art Festival 2022\">\n                            <\/a>\n                                                    <div class=\"etn-speakers-social\">\n                                                    <\/div>\n                    <\/div>\n                    <div class=\"etn-speaker-content\">\n                        <h3 class=\"etn-title etn-speaker-title\"><a href=\"https:\/\/2022.streetartfestival.si\/en\/speakers\/francisca-fern%c3%a1ndez-merino\/\"> Francisca Fern\u00e1ndez Merino<\/a> <\/h3>\n                        <p>\n                                                    <\/p>\n                    <\/div>\n                <\/div>\n            <\/div>\n                        <div class=\"etn-col-lg-3 etn-col-md-6\">\n                <div class=\"etn-speaker-item\">\n                    <div class=\"etn-speaker-thumb\">\n                                                    <a href=\"https:\/\/2022.streetartfestival.si\/en\/speakers\/helena-konda\/\" class=\"etn-img-link\">\n                                <img src=\"https:\/\/2022.streetartfestival.si\/wp-content\/uploads\/2022\/06\/Helena-Konda-Ljubljana-Street-Art-Festival-750x465.jpg\" alt=\"Ljubljana Street Art Festival 2022\">\n                            <\/a>\n                                                    <div class=\"etn-speakers-social\">\n                                                    <\/div>\n                    <\/div>\n                    <div class=\"etn-speaker-content\">\n                        <h3 class=\"etn-title etn-speaker-title\"><a href=\"https:\/\/2022.streetartfestival.si\/en\/speakers\/helena-konda\/\"> Helena Konda<\/a> <\/h3>\n                        <p>\n                                                    <\/p>\n                    <\/div>\n                <\/div>\n            <\/div>\n                <\/div>\n    \t\t<\/div>\n\t\t\t\t<\/div>\n\t\t\t\t\t\t<\/div>\n\t\t\t\t\t<\/div>\n\t\t<\/div>\n\t\t\t\t\t\t\t\t<\/div>\n\t\t\t\t\t<\/div>\n\t\t<\/section>\n\t\t\t\t<section class=\"elementor-section elementor-top-section elementor-element elementor-element-7d03144 elementor-section-boxed elementor-section-height-default elementor-section-height-default\" data-id=\"7d03144\" data-element_type=\"section\">\n\t\t\t\t\t\t<div class=\"elementor-container elementor-column-gap-default\">\n\t\t\t\t\t\t\t<div class=\"elementor-row\">\n\t\t\t\t\t<div class=\"elementor-column elementor-col-100 elementor-top-column elementor-element elementor-element-5fddb8c\" data-id=\"5fddb8c\" data-element_type=\"column\">\n\t\t\t<div class=\"elementor-column-wrap elementor-element-populated\">\n\t\t\t\t\t\t\t<div class=\"elementor-widget-wrap\">\n\t\t\t\t\t\t<div class=\"elementor-element elementor-element-aabd8f1 elementor-widget elementor-widget-menu-anchor\" data-id=\"aabd8f1\" data-element_type=\"widget\" data-settings=\"{&quot;ekit_we_effect_on&quot;:&quot;none&quot;}\" data-widget_type=\"menu-anchor.default\">\n\t\t\t\t<div class=\"elementor-widget-container\">\n\t\t\t\t\t<div id=\"speakerji\" class=\"elementor-menu-anchor\"><\/div>\n\t\t\t\t<\/div>\n\t\t\t\t<\/div>\n\t\t\t\t\t\t<\/div>\n\t\t\t\t\t<\/div>\n\t\t<\/div>\n\t\t\t\t\t\t\t\t<\/div>\n\t\t\t\t\t<\/div>\n\t\t<\/section>\n\t\t\t\t<section class=\"elementor-section elementor-top-section elementor-element elementor-element-ecf7c30 elementor-hidden-desktop elementor-hidden-tablet elementor-hidden-mobile elementor-section-boxed elementor-section-height-default elementor-section-height-default\" data-id=\"ecf7c30\" data-element_type=\"section\" data-settings=\"{&quot;background_background&quot;:&quot;classic&quot;}\">\n\t\t\t\t\t\t\t<div class=\"elementor-background-overlay\"><\/div>\n\t\t\t\t\t\t\t<div class=\"elementor-container elementor-column-gap-default\">\n\t\t\t\t\t\t\t<div class=\"elementor-row\">\n\t\t\t\t\t<div class=\"elementor-column elementor-col-100 elementor-top-column elementor-element elementor-element-d5b3ca1\" data-id=\"d5b3ca1\" data-element_type=\"column\">\n\t\t\t<div class=\"elementor-column-wrap elementor-element-populated\">\n\t\t\t\t\t\t\t<div class=\"elementor-widget-wrap\">\n\t\t\t\t\t\t<div class=\"elementor-element elementor-element-6e0a101 elementor-invisible elementor-widget elementor-widget-exhibz-title\" data-id=\"6e0a101\" data-element_type=\"widget\" data-settings=\"{&quot;_animation&quot;:&quot;slideInUp&quot;,&quot;_animation_delay&quot;:350,&quot;ekit_we_effect_on&quot;:&quot;none&quot;}\" data-widget_type=\"exhibz-title.default\">\n\t\t\t\t<div class=\"elementor-widget-container\">\n\t\t\t\n    <div class=\"title-section-area\">\n        <h2 class=\"section-title\">\n            <span class=\"sub-title\">VREDNO OGLEDA<\/span>\n\t\t\tUli\u010dne umetnice in umetniki        <\/h2>\n\t\t\t\t\t<div class=\"title-desc\"><p><span class=\"VIiyi\"><span class=\"JLqJ4b ChMk0b\">Izbor oseb na umetni\u0161ki rezidenci, uli\u010dnih umetnic_kov, performerk_jev in <\/span><\/span><span class=\"VIiyi\"><span class=\"JLqJ4b ChMk0b\">in drugih uli\u010dark_jev na leto\u0161njem #LJSAF.<\/span><\/span><\/p><\/div>\n\t\t                    <span class=\"title-shape\">\n                  <svg xmlns='http:\/\/www.w3.org\/2000\/svg' xmlns:xlink='http:\/\/www.w3.org\/1999\/xlink' width='71px' height='11px'> <path fill-rule='evenodd' d='M59.669,10.710 L49.164,3.306 L39.428,10.681 L29.714,3.322 L20.006,10.682 L10.295,3.322 L1.185,10.228 L-0.010,8.578 L10.295,0.765 L20.006,8.125 L29.714,0.765 L39.428,8.125 L49.122,0.781 L59.680,8.223 L69.858,1.192 L70.982,2.895 L59.669,10.710 Z'\/><\/svg>\n            <\/span>\n                    <\/div><!-- Section title -->\n    \n    \n\n    \t\t<\/div>\n\t\t\t\t<\/div>\n\t\t\t\t<div class=\"elementor-element elementor-element-c7c1641 elementor-invisible elementor-widget elementor-widget-etn-speaker\" data-id=\"c7c1641\" data-element_type=\"widget\" data-settings=\"{&quot;_animation&quot;:&quot;fadeInUp&quot;,&quot;ekit_we_effect_on&quot;:&quot;none&quot;}\" data-widget_type=\"etn-speaker.default\">\n\t\t\t\t<div class=\"elementor-widget-container\">\n\t\t\t    <div class='etn-row etn-speaker-wrapper'>\n                    <div class=\"etn-col-lg-3 etn-col-md-6\">\n                <div class=\"etn-speaker-item\">\n                    <div class=\"etn-speaker-thumb\">\n                                                    <a href=\"https:\/\/2022.streetartfestival.si\/en\/speakers\/cibo-pier-paolo-spinazz%c3%a8\/\" class=\"etn-img-link\">\n                                <img src=\"https:\/\/2022.streetartfestival.si\/wp-content\/uploads\/2022\/06\/Cibo-Ljubljana-2-1-750x465.jpg\" alt=\"Ljubljana Street Art Festival 2022\">\n                            <\/a>\n                                                    <div class=\"etn-speakers-social\">\n                                                    <\/div>\n                    <\/div>\n                    <div class=\"etn-speaker-content\">\n                        <h3 class=\"etn-title etn-speaker-title\"><a href=\"https:\/\/2022.streetartfestival.si\/en\/speakers\/cibo-pier-paolo-spinazz%c3%a8\/\"> Cibo (Pier Paolo Spinazz\u00e8)<\/a> <\/h3>\n                        <p>\n                                                    <\/p>\n                    <\/div>\n                <\/div>\n            <\/div>\n                        <div class=\"etn-col-lg-3 etn-col-md-6\">\n                <div class=\"etn-speaker-item\">\n                    <div class=\"etn-speaker-thumb\">\n                                                    <a href=\"https:\/\/2022.streetartfestival.si\/en\/speakers\/zebu\/\" class=\"etn-img-link\">\n                                <img src=\"https:\/\/2022.streetartfestival.si\/wp-content\/uploads\/2022\/06\/ZEBU01-1_beschnitten-750x465.jpg\" alt=\"Ljubljana Street Art Festival 2022\">\n                            <\/a>\n                                                    <div class=\"etn-speakers-social\">\n                                                    <\/div>\n                    <\/div>\n                    <div class=\"etn-speaker-content\">\n                        <h3 class=\"etn-title etn-speaker-title\"><a href=\"https:\/\/2022.streetartfestival.si\/en\/speakers\/zebu\/\"> ZEBU<\/a> <\/h3>\n                        <p>\n                                                    <\/p>\n                    <\/div>\n                <\/div>\n            <\/div>\n                        <div class=\"etn-col-lg-3 etn-col-md-6\">\n                <div class=\"etn-speaker-item\">\n                    <div class=\"etn-speaker-thumb\">\n                                                    <a href=\"https:\/\/2022.streetartfestival.si\/en\/speakers\/veli-silver-amos-angeles\/\" class=\"etn-img-link\">\n                                <img src=\"https:\/\/2022.streetartfestival.si\/wp-content\/uploads\/2022\/06\/Veli-and-Amos-750x465.jpg\" alt=\"Ljubljana Street Art Festival 2022\">\n                            <\/a>\n                                                    <div class=\"etn-speakers-social\">\n                                                    <\/div>\n                    <\/div>\n                    <div class=\"etn-speaker-content\">\n                        <h3 class=\"etn-title etn-speaker-title\"><a href=\"https:\/\/2022.streetartfestival.si\/en\/speakers\/veli-silver-amos-angeles\/\"> Veli Silver &#038; Amos Angeles<\/a> <\/h3>\n                        <p>\n                                                    <\/p>\n                    <\/div>\n                <\/div>\n            <\/div>\n                        <div class=\"etn-col-lg-3 etn-col-md-6\">\n                <div class=\"etn-speaker-item\">\n                    <div class=\"etn-speaker-thumb\">\n                                                    <a href=\"https:\/\/2022.streetartfestival.si\/en\/speakers\/epos-257\/\" class=\"etn-img-link\">\n                                <img src=\"https:\/\/2022.streetartfestival.si\/wp-content\/uploads\/2022\/06\/Epos-257-O-750x465.jpg\" alt=\"Ljubljana Street Art Festival 2022\">\n                            <\/a>\n                                                    <div class=\"etn-speakers-social\">\n                                                    <\/div>\n                    <\/div>\n                    <div class=\"etn-speaker-content\">\n                        <h3 class=\"etn-title etn-speaker-title\"><a href=\"https:\/\/2022.streetartfestival.si\/en\/speakers\/epos-257\/\"> Epos 257<\/a> <\/h3>\n                        <p>\n                                                    <\/p>\n                    <\/div>\n                <\/div>\n            <\/div>\n                        <div class=\"etn-col-lg-3 etn-col-md-6\">\n                <div class=\"etn-speaker-item\">\n                    <div class=\"etn-speaker-thumb\">\n                                                    <a href=\"https:\/\/2022.streetartfestival.si\/en\/speakers\/danilo-milovanovi%c4%87\/\" class=\"etn-img-link\">\n                                <img src=\"https:\/\/2022.streetartfestival.si\/wp-content\/uploads\/2022\/06\/Danilo-Milovanovic\u030c-LJubljana-Street-Art-Festival-2-750x465.jpg\" alt=\"Ljubljana Street Art Festival 2022\">\n                            <\/a>\n                                                    <div class=\"etn-speakers-social\">\n                                                    <\/div>\n                    <\/div>\n                    <div class=\"etn-speaker-content\">\n                        <h3 class=\"etn-title etn-speaker-title\"><a href=\"https:\/\/2022.streetartfestival.si\/en\/speakers\/danilo-milovanovi%c4%87\/\"> Danilo Milovanovi\u0107<\/a> <\/h3>\n                        <p>\n                                                    <\/p>\n                    <\/div>\n                <\/div>\n            <\/div>\n                <\/div>\n    \t\t<\/div>\n\t\t\t\t<\/div>\n\t\t\t\t\t\t<\/div>\n\t\t\t\t\t<\/div>\n\t\t<\/div>\n\t\t\t\t\t\t\t\t<\/div>\n\t\t\t\t\t<\/div>\n\t\t<\/section>\n\t\t\t\t<section class=\"elementor-section elementor-top-section elementor-element elementor-element-3cbcb71 elementor-section-boxed elementor-section-height-default elementor-section-height-default\" data-id=\"3cbcb71\" data-element_type=\"section\">\n\t\t\t\t\t\t<div class=\"elementor-container elementor-column-gap-default\">\n\t\t\t\t\t\t\t<div class=\"elementor-row\">\n\t\t\t\t\t<div class=\"elementor-column elementor-col-100 elementor-top-column elementor-element elementor-element-bff9290\" data-id=\"bff9290\" data-element_type=\"column\">\n\t\t\t<div class=\"elementor-column-wrap elementor-element-populated\">\n\t\t\t\t\t\t\t<div class=\"elementor-widget-wrap\">\n\t\t\t\t\t\t<div class=\"elementor-element elementor-element-dbdfe0f elementor-invisible elementor-widget elementor-widget-exhibz-title\" data-id=\"dbdfe0f\" data-element_type=\"widget\" data-settings=\"{&quot;_animation&quot;:&quot;fadeInUp&quot;,&quot;_animation_delay&quot;:350,&quot;ekit_we_effect_on&quot;:&quot;none&quot;}\" data-widget_type=\"exhibz-title.default\">\n\t\t\t\t<div class=\"elementor-widget-container\">\n\t\t\t\n    <div class=\"title-section-area\">\n        <h2 class=\"section-title\">\n            <span class=\"sub-title\">KEEP IN THE LOOP<\/span>\n\t\t\tFollow us        <\/h2>\n\t\t                    <span class=\"title-shape\">\n                  <svg xmlns='http:\/\/www.w3.org\/2000\/svg' xmlns:xlink='http:\/\/www.w3.org\/1999\/xlink' width='71px' height='11px'> <path fill-rule='evenodd' d='M59.669,10.710 L49.164,3.306 L39.428,10.681 L29.714,3.322 L20.006,10.682 L10.295,3.322 L1.185,10.228 L-0.010,8.578 L10.295,0.765 L20.006,8.125 L29.714,0.765 L39.428,8.125 L49.122,0.781 L59.680,8.223 L69.858,1.192 L70.982,2.895 L59.669,10.710 Z'\/><\/svg>\n            <\/span>\n                    <\/div><!-- Section title -->\n    \n    \n\n    \t\t<\/div>\n\t\t\t\t<\/div>\n\t\t\t\t\t\t<\/div>\n\t\t\t\t\t<\/div>\n\t\t<\/div>\n\t\t\t\t\t\t\t\t<\/div>\n\t\t\t\t\t<\/div>\n\t\t<\/section>\n\t\t\t\t<section class=\"elementor-section elementor-top-section elementor-element elementor-element-c9bcc74 elementor-section-boxed elementor-section-height-default elementor-section-height-default\" data-id=\"c9bcc74\" data-element_type=\"section\">\n\t\t\t\t\t\t<div class=\"elementor-container elementor-column-gap-default\">\n\t\t\t\t\t\t\t<div class=\"elementor-row\">\n\t\t\t\t\t<div class=\"elementor-column elementor-col-100 elementor-top-column elementor-element elementor-element-5e721e4\" data-id=\"5e721e4\" data-element_type=\"column\">\n\t\t\t<div class=\"elementor-column-wrap elementor-element-populated\">\n\t\t\t\t\t\t\t<div class=\"elementor-widget-wrap\">\n\t\t\t\t\t\t<div class=\"elementor-element elementor-element-926024f elementor-shape-circle elementor-grid-0 e-grid-align-center elementor-widget elementor-widget-social-icons\" data-id=\"926024f\" data-element_type=\"widget\" data-settings=\"{&quot;ekit_we_effect_on&quot;:&quot;none&quot;}\" data-widget_type=\"social-icons.default\">\n\t\t\t\t<div class=\"elementor-widget-container\">\n\t\t\t\t\t<div class=\"elementor-social-icons-wrapper elementor-grid\">\n\t\t\t\t\t\t\t<span class=\"elementor-grid-item\">\n\t\t\t\t\t<a class=\"elementor-icon elementor-social-icon elementor-social-icon- elementor-repeater-item-da75d9d\" href=\"https:\/\/www.instagram.com\/alternativeljubljana\/\" target=\"_blank\">\n\t\t\t\t\t\t<span class=\"elementor-screen-only\"><\/span>\n\t\t\t\t\t\t<svg xmlns=\"http:\/\/www.w3.org\/2000\/svg\" fill=\"#000000\" viewBox=\"0 0 50 50\" width=\"50px\" height=\"50px\"><path d=\"M 16 3 C 8.8324839 3 3 8.8324839 3 16 L 3 34 C 3 41.167516 8.8324839 47 16 47 L 34 47 C 41.167516 47 47 41.167516 47 34 L 47 16 C 47 8.8324839 41.167516 3 34 3 L 16 3 z M 16 5 L 34 5 C 40.086484 5 45 9.9135161 45 16 L 45 34 C 45 40.086484 40.086484 45 34 45 L 16 45 C 9.9135161 45 5 40.086484 5 34 L 5 16 C 5 9.9135161 9.9135161 5 16 5 z M 37 11 A 2 2 0 0 0 35 13 A 2 2 0 0 0 37 15 A 2 2 0 0 0 39 13 A 2 2 0 0 0 37 11 z M 25 14 C 18.936712 14 14 18.936712 14 25 C 14 31.063288 18.936712 36 25 36 C 31.063288 36 36 31.063288 36 25 C 36 18.936712 31.063288 14 25 14 z M 25 16 C 29.982407 16 34 20.017593 34 25 C 34 29.982407 29.982407 34 25 34 C 20.017593 34 16 29.982407 16 25 C 16 20.017593 20.017593 16 25 16 z\"><\/path><\/svg>\t\t\t\t\t<\/a>\n\t\t\t\t<\/span>\n\t\t\t\t\t\t\t<span class=\"elementor-grid-item\">\n\t\t\t\t\t<a class=\"elementor-icon elementor-social-icon elementor-social-icon- elementor-repeater-item-2022fe3\" href=\"https:\/\/www.facebook.com\/AlternativeLjubljana\" target=\"_blank\">\n\t\t\t\t\t\t<span class=\"elementor-screen-only\"><\/span>\n\t\t\t\t\t\t<svg xmlns=\"http:\/\/www.w3.org\/2000\/svg\" fill=\"#000000\" viewBox=\"0 0 50 50\" width=\"50px\" height=\"50px\"><path d=\"M 25 3 C 12.861562 3 3 12.861562 3 25 C 3 36.019135 11.127533 45.138355 21.712891 46.728516 L 22.861328 46.902344 L 22.861328 29.566406 L 17.664062 29.566406 L 17.664062 26.046875 L 22.861328 26.046875 L 22.861328 21.373047 C 22.861328 18.494965 23.551973 16.599417 24.695312 15.410156 C 25.838652 14.220896 27.528004 13.621094 29.878906 13.621094 C 31.758714 13.621094 32.490022 13.734993 33.185547 13.820312 L 33.185547 16.701172 L 30.738281 16.701172 C 29.349697 16.701172 28.210449 17.475903 27.619141 18.507812 C 27.027832 19.539724 26.84375 20.771816 26.84375 22.027344 L 26.84375 26.044922 L 32.966797 26.044922 L 32.421875 29.564453 L 26.84375 29.564453 L 26.84375 46.929688 L 27.978516 46.775391 C 38.71434 45.319366 47 36.126845 47 25 C 47 12.861562 37.138438 3 25 3 z M 25 5 C 36.057562 5 45 13.942438 45 25 C 45 34.729791 38.035799 42.731796 28.84375 44.533203 L 28.84375 31.564453 L 34.136719 31.564453 L 35.298828 24.044922 L 28.84375 24.044922 L 28.84375 22.027344 C 28.84375 20.989871 29.033574 20.060293 29.353516 19.501953 C 29.673457 18.943614 29.981865 18.701172 30.738281 18.701172 L 35.185547 18.701172 L 35.185547 12.009766 L 34.318359 11.892578 C 33.718567 11.811418 32.349197 11.621094 29.878906 11.621094 C 27.175808 11.621094 24.855567 12.357448 23.253906 14.023438 C 21.652246 15.689426 20.861328 18.170128 20.861328 21.373047 L 20.861328 24.046875 L 15.664062 24.046875 L 15.664062 31.566406 L 20.861328 31.566406 L 20.861328 44.470703 C 11.816995 42.554813 5 34.624447 5 25 C 5 13.942438 13.942438 5 25 5 z\"><\/path><\/svg>\t\t\t\t\t<\/a>\n\t\t\t\t<\/span>\n\t\t\t\t\t\t\t<span class=\"elementor-grid-item\">\n\t\t\t\t\t<a class=\"elementor-icon elementor-social-icon elementor-social-icon- elementor-repeater-item-6711ab4\" href=\"https:\/\/www.youtube.com\/channel\/UCJMXli7z_n_tjlsqD3ZeK0Q\" target=\"_blank\">\n\t\t\t\t\t\t<span class=\"elementor-screen-only\"><\/span>\n\t\t\t\t\t\t<svg xmlns=\"http:\/\/www.w3.org\/2000\/svg\" fill=\"#000000\" viewBox=\"0 0 50 50\" width=\"50px\" height=\"50px\"><path d=\"M 24.402344 9 C 17.800781 9 11.601563 9.5 8.300781 10.199219 C 6.101563 10.699219 4.199219 12.199219 3.800781 14.5 C 3.402344 16.898438 3 20.5 3 25 C 3 29.5 3.398438 33 3.898438 35.5 C 4.300781 37.699219 6.199219 39.300781 8.398438 39.800781 C 11.902344 40.5 17.898438 41 24.5 41 C 31.101563 41 37.097656 40.5 40.597656 39.800781 C 42.800781 39.300781 44.699219 37.800781 45.097656 35.5 C 45.5 33 46 29.402344 46.097656 24.902344 C 46.097656 20.402344 45.597656 16.800781 45.097656 14.300781 C 44.699219 12.101563 42.800781 10.5 40.597656 10 C 37.097656 9.5 31 9 24.402344 9 Z M 24.402344 11 C 31.601563 11 37.398438 11.597656 40.199219 12.097656 C 41.699219 12.5 42.898438 13.5 43.097656 14.800781 C 43.699219 18 44.097656 21.402344 44.097656 24.902344 C 44 29.199219 43.5 32.699219 43.097656 35.199219 C 42.800781 37.097656 40.800781 37.699219 40.199219 37.902344 C 36.597656 38.601563 30.597656 39.097656 24.597656 39.097656 C 18.597656 39.097656 12.5 38.699219 9 37.902344 C 7.5 37.5 6.300781 36.5 6.101563 35.199219 C 5.300781 32.398438 5 28.699219 5 25 C 5 20.398438 5.402344 17 5.800781 14.902344 C 6.101563 13 8.199219 12.398438 8.699219 12.199219 C 12 11.5 18.101563 11 24.402344 11 Z M 19 17 L 19 33 L 33 25 Z M 21 20.402344 L 29 25 L 21 29.597656 Z\"><\/path><\/svg>\t\t\t\t\t<\/a>\n\t\t\t\t<\/span>\n\t\t\t\t\t<\/div>\n\t\t\t\t<\/div>\n\t\t\t\t<\/div>\n\t\t\t\t\t\t<\/div>\n\t\t\t\t\t<\/div>\n\t\t<\/div>\n\t\t\t\t\t\t\t\t<\/div>\n\t\t\t\t\t<\/div>\n\t\t<\/section>\n\t\t\t\t<section class=\"elementor-section elementor-top-section elementor-element elementor-element-5bdddbf elementor-section-boxed elementor-section-height-default elementor-section-height-default\" data-id=\"5bdddbf\" data-element_type=\"section\">\n\t\t\t\t\t\t<div class=\"elementor-container elementor-column-gap-default\">\n\t\t\t\t\t\t\t<div class=\"elementor-row\">\n\t\t\t\t\t<div class=\"elementor-column elementor-col-100 elementor-top-column elementor-element elementor-element-96bc916\" data-id=\"96bc916\" data-element_type=\"column\">\n\t\t\t<div class=\"elementor-column-wrap elementor-element-populated\">\n\t\t\t\t\t\t\t<div class=\"elementor-widget-wrap\">\n\t\t\t\t\t\t<div class=\"elementor-element elementor-element-cf67784 elementor-invisible elementor-widget elementor-widget-exhibz-title\" data-id=\"cf67784\" data-element_type=\"widget\" data-settings=\"{&quot;_animation&quot;:&quot;fadeInUp&quot;,&quot;_animation_delay&quot;:350,&quot;ekit_we_effect_on&quot;:&quot;none&quot;}\" data-widget_type=\"exhibz-title.default\">\n\t\t\t\t<div class=\"elementor-widget-container\">\n\t\t\t\n    <div class=\"title-section-area\">\n        <h2 class=\"section-title\">\n            <span class=\"sub-title\">WHAT&#039;S UP?<\/span>\n\t\t\tLatest news        <\/h2>\n\t\t                    <span class=\"title-shape\">\n                  <svg xmlns='http:\/\/www.w3.org\/2000\/svg' xmlns:xlink='http:\/\/www.w3.org\/1999\/xlink' width='71px' height='11px'> <path fill-rule='evenodd' d='M59.669,10.710 L49.164,3.306 L39.428,10.681 L29.714,3.322 L20.006,10.682 L10.295,3.322 L1.185,10.228 L-0.010,8.578 L10.295,0.765 L20.006,8.125 L29.714,0.765 L39.428,8.125 L49.122,0.781 L59.680,8.223 L69.858,1.192 L70.982,2.895 L59.669,10.710 Z'\/><\/svg>\n            <\/span>\n                    <\/div><!-- Section title -->\n    \n    \n\n    \t\t<\/div>\n\t\t\t\t<\/div>\n\t\t\t\t\t\t<\/div>\n\t\t\t\t\t<\/div>\n\t\t<\/div>\n\t\t\t\t\t\t\t\t<\/div>\n\t\t\t\t\t<\/div>\n\t\t<\/section>\n\t\t\t\t<section class=\"elementor-section elementor-top-section elementor-element elementor-element-d728973 elementor-section-content-middle elementor-section-boxed elementor-section-height-default elementor-section-height-default\" data-id=\"d728973\" data-element_type=\"section\">\n\t\t\t\t\t\t<div class=\"elementor-container elementor-column-gap-default\">\n\t\t\t\t\t\t\t<div class=\"elementor-row\">\n\t\t\t\t\t<div class=\"elementor-column elementor-col-100 elementor-top-column elementor-element elementor-element-dd9baa3\" data-id=\"dd9baa3\" data-element_type=\"column\">\n\t\t\t<div class=\"elementor-column-wrap elementor-element-populated\">\n\t\t\t\t\t\t\t<div class=\"elementor-widget-wrap\">\n\t\t\t\t\t\t<div class=\"elementor-element elementor-element-36d6f47 elementor-widget elementor-widget-exhibz-latestnews\" data-id=\"36d6f47\" data-element_type=\"widget\" data-settings=\"{&quot;ekit_we_effect_on&quot;:&quot;none&quot;}\" data-widget_type=\"exhibz-latestnews.default\">\n\t\t\t\t<div class=\"elementor-widget-container\">\n\t\t\t<div class=\"row\">\n     <div class=\"col-lg-4 fadeInUp\">\n      <div class=\"post\">\n                  <div class=\"post-media post-image\">\n            <a href=\"https:\/\/2022.streetartfestival.si\/en\/call-for-papers-2023\/\">\n               <img loading=\"lazy\" width=\"360\" height=\"202\" src=\"https:\/\/2022.streetartfestival.si\/wp-content\/uploads\/2023\/03\/CfP_Street-Art-Conference-at-Ljubljana-Street-Art-Festival.jpg\" class=\"img-fluid\" alt=\"https:\/\/2022.streetartfestival.si\/en\/author\/upravnik\/\">\n            <\/a>\n         <\/div>\n                 <div class=\"post-body\">\n            <div class=\"post-meta\">\n                \n               <span class=\"post-meta-date\">\n                <i class=\"icon icon-calendar\"><\/i>\n                  March 28, 2023 \n               <\/span>\n            <\/div>\n            <div class=\"entry-header\">\n               <h2 class=\"entry-title\">\n                  <a href=\"https:\/\/2022.streetartfestival.si\/en\/?post_type=post&p=5985\">Call for Papers: <\/a>\n               <\/h2>\n            <\/div>\n            <!-- header end -->\n            <div class=\"entry-content\">\n                              <p> Call for Papers: Street Art and Sustainability Street Art Conference   <\/p>\n                \n            <\/div>\n            <div class=\"post-footer\">\n                              <a href=\"https:\/\/2022.streetartfestival.si\/en\/?post_type=post&p=5985\" class=\"btn-link\"> Continue <i class=\"icon icon-arrow-right\"><\/i><\/a>\n                \n            <\/div>\n         <\/div>\n         <!-- post-body end -->\n      <\/div>\n      <!-- post end-->\n   <\/div>\n      <div class=\"col-lg-4 fadeInUp\">\n      <div class=\"post\">\n                  <div class=\"post-media post-image\">\n            <a href=\"https:\/\/2022.streetartfestival.si\/en\/open-call-for-artist-in-residence-2022\/\">\n               <img loading=\"lazy\" width=\"360\" height=\"202\" src=\"https:\/\/2022.streetartfestival.si\/wp-content\/uploads\/2022\/04\/cover-photo-call-for-artist-metelkova.jpg\" class=\"img-fluid\" alt=\"https:\/\/2022.streetartfestival.si\/en\/author\/upravnik\/\">\n            <\/a>\n         <\/div>\n                 <div class=\"post-body\">\n            <div class=\"post-meta\">\n                \n               <span class=\"post-meta-date\">\n                <i class=\"icon icon-calendar\"><\/i>\n                  April 5, 2022 \n               <\/span>\n            <\/div>\n            <div class=\"entry-header\">\n               <h2 class=\"entry-title\">\n                  <a href=\"https:\/\/2022.streetartfestival.si\/en\/?post_type=post&p=4525\">Open Call for <\/a>\n               <\/h2>\n            <\/div>\n            <!-- header end -->\n            <div class=\"entry-content\">\n                              <p> Open Call for Artist-in-Residence 2022 Open Call for Artist-in-ResidenceKUD Mre\u017ea   <\/p>\n                \n            <\/div>\n            <div class=\"post-footer\">\n                              <a href=\"https:\/\/2022.streetartfestival.si\/en\/?post_type=post&p=4525\" class=\"btn-link\"> Continue <i class=\"icon icon-arrow-right\"><\/i><\/a>\n                \n            <\/div>\n         <\/div>\n         <!-- post-body end -->\n      <\/div>\n      <!-- post end-->\n   <\/div>\n      <div class=\"col-lg-4 fadeInUp\">\n      <div class=\"post\">\n                  <div class=\"post-media post-image\">\n            <a href=\"https:\/\/2022.streetartfestival.si\/en\/call-for-papers-2022\/\">\n               <img loading=\"lazy\" width=\"360\" height=\"202\" src=\"https:\/\/2022.streetartfestival.si\/wp-content\/uploads\/2022\/03\/CFP-2022-b-1024x490.jpg\" class=\"img-fluid\" alt=\"https:\/\/2022.streetartfestival.si\/en\/author\/upravnik\/\">\n            <\/a>\n         <\/div>\n                 <div class=\"post-body\">\n            <div class=\"post-meta\">\n                \n               <span class=\"post-meta-date\">\n                <i class=\"icon icon-calendar\"><\/i>\n                  March 13, 2022 \n               <\/span>\n            <\/div>\n            <div class=\"entry-header\">\n               <h2 class=\"entry-title\">\n                  <a href=\"https:\/\/2022.streetartfestival.si\/en\/?post_type=post&p=4493\">Call for Papers: <\/a>\n               <\/h2>\n            <\/div>\n            <!-- header end -->\n            <div class=\"entry-content\">\n                              <p> Call for Papers: Periphery of Street Art and Street Art   <\/p>\n                \n            <\/div>\n            <div class=\"post-footer\">\n                              <a href=\"https:\/\/2022.streetartfestival.si\/en\/?post_type=post&p=4493\" class=\"btn-link\"> Continue <i class=\"icon icon-arrow-right\"><\/i><\/a>\n                \n            <\/div>\n         <\/div>\n         <!-- post-body end -->\n      <\/div>\n      <!-- post end-->\n   <\/div>\n    \n<\/div> <!-- row end -->\n   \t\t<\/div>\n\t\t\t\t<\/div>\n\t\t\t\t\t\t<\/div>\n\t\t\t\t\t<\/div>\n\t\t<\/div>\n\t\t\t\t\t\t\t\t<\/div>\n\t\t\t\t\t<\/div>\n\t\t<\/section>\n\t\t\t\t<section class=\"elementor-section elementor-top-section elementor-element elementor-element-7f7fdf66 elementor-section-boxed elementor-section-height-default elementor-section-height-default\" data-id=\"7f7fdf66\" data-element_type=\"section\" data-settings=\"{&quot;background_background&quot;:&quot;gradient&quot;}\">\n\t\t\t\t\t\t<div class=\"elementor-container elementor-column-gap-default\">\n\t\t\t\t\t\t\t<div class=\"elementor-row\">\n\t\t\t\t\t<div class=\"elementor-column elementor-col-100 elementor-top-column elementor-element elementor-element-7ac60a57\" data-id=\"7ac60a57\" data-element_type=\"column\">\n\t\t\t<div class=\"elementor-column-wrap elementor-element-populated\">\n\t\t\t\t\t\t\t<div class=\"elementor-widget-wrap\">\n\t\t\t\t\t\t<div class=\"elementor-element elementor-element-65450050 elementor-invisible elementor-widget elementor-widget-exhibz-title\" data-id=\"65450050\" data-element_type=\"widget\" data-settings=\"{&quot;_animation&quot;:&quot;slideInUp&quot;,&quot;ekit_we_effect_on&quot;:&quot;none&quot;}\" data-widget_type=\"exhibz-title.default\">\n\t\t\t\t<div class=\"elementor-widget-container\">\n\t\t\t\n    <div class=\"title-section-area\">\n        <h2 class=\"section-title\">\n            <span class=\"sub-title\"><\/span>\n\t\t\tFestival Organizers        <\/h2>\n\t\t                    <\/div><!-- Section title -->\n    \n    \n\n    \t\t<\/div>\n\t\t\t\t<\/div>\n\t\t\t\t<section class=\"elementor-section elementor-inner-section elementor-element elementor-element-d74d6f3 elementor-section-content-middle elementor-section-boxed elementor-section-height-default elementor-section-height-default elementor-invisible\" data-id=\"d74d6f3\" data-element_type=\"section\" data-settings=\"{&quot;animation&quot;:&quot;fadeInUp&quot;,&quot;animation_delay&quot;:500}\">\n\t\t\t\t\t\t<div class=\"elementor-container elementor-column-gap-default\">\n\t\t\t\t\t\t\t<div class=\"elementor-row\">\n\t\t\t\t\t<div class=\"elementor-column elementor-col-16 elementor-inner-column elementor-element elementor-element-6fb2abfc\" data-id=\"6fb2abfc\" data-element_type=\"column\">\n\t\t\t<div class=\"elementor-column-wrap\">\n\t\t\t\t\t\t\t<div class=\"elementor-widget-wrap\">\n\t\t\t\t\t\t\t\t<\/div>\n\t\t\t\t\t<\/div>\n\t\t<\/div>\n\t\t\t\t<div class=\"elementor-column elementor-col-16 elementor-inner-column elementor-element elementor-element-6b5f78a0\" data-id=\"6b5f78a0\" data-element_type=\"column\">\n\t\t\t<div class=\"elementor-column-wrap\">\n\t\t\t\t\t\t\t<div class=\"elementor-widget-wrap\">\n\t\t\t\t\t\t\t\t<\/div>\n\t\t\t\t\t<\/div>\n\t\t<\/div>\n\t\t\t\t<div class=\"elementor-column elementor-col-16 elementor-inner-column elementor-element elementor-element-54b2c5c\" data-id=\"54b2c5c\" data-element_type=\"column\">\n\t\t\t<div class=\"elementor-column-wrap elementor-element-populated\">\n\t\t\t\t\t\t\t<div class=\"elementor-widget-wrap\">\n\t\t\t\t\t\t<div class=\"elementor-element elementor-element-40a90221 elementor-widget elementor-widget-image\" data-id=\"40a90221\" data-element_type=\"widget\" data-settings=\"{&quot;ekit_we_effect_on&quot;:&quot;none&quot;}\" data-widget_type=\"image.default\">\n\t\t\t\t<div class=\"elementor-widget-container\">\n\t\t\t\t\t\t\t\t<div class=\"elementor-image\">\n\t\t\t\t\t\t\t\t\t\t\t\t<img src=\"https:\/\/2022.streetartfestival.si\/wp-content\/uploads\/elementor\/thumbs\/logo-q5hgsdeadlyd18a7f2zvwzby6int2t084s3isiqi2o.png\" title=\"logo.png\" alt=\"logo.png\" \/>\t\t\t\t\t\t\t\t\t\t\t\t\t\t<\/div>\n\t\t\t\t\t\t<\/div>\n\t\t\t\t<\/div>\n\t\t\t\t\t\t<\/div>\n\t\t\t\t\t<\/div>\n\t\t<\/div>\n\t\t\t\t<div class=\"elementor-column elementor-col-16 elementor-inner-column elementor-element elementor-element-67f451c2\" data-id=\"67f451c2\" data-element_type=\"column\">\n\t\t\t<div class=\"elementor-column-wrap elementor-element-populated\">\n\t\t\t\t\t\t\t<div class=\"elementor-widget-wrap\">\n\t\t\t\t\t\t<div class=\"elementor-element elementor-element-11ca9d59 elementor-widget elementor-widget-image\" data-id=\"11ca9d59\" data-element_type=\"widget\" data-settings=\"{&quot;ekit_we_effect_on&quot;:&quot;none&quot;}\" data-widget_type=\"image.default\">\n\t\t\t\t<div class=\"elementor-widget-container\">\n\t\t\t\t\t\t\t\t<div class=\"elementor-image\">\n\t\t\t\t\t\t\t\t\t\t\t\t\t<a href=\"#\">\n\t\t\t\t\t\t\t<img src=\"https:\/\/2022.streetartfestival.si\/wp-content\/uploads\/elementor\/thumbs\/KS-lezec-logo-s-crno-podlago-1-q5hgsdeadlyd18a7f2zvwzby6int2t084s3isiqi2o.png\" title=\"KS-lezec-logo-s-crno-podlago.png\" alt=\"KS-lezec-logo-s-crno-podlago.png\" \/>\t\t\t\t\t\t\t\t<\/a>\n\t\t\t\t\t\t\t\t\t\t\t\t\t\t<\/div>\n\t\t\t\t\t\t<\/div>\n\t\t\t\t<\/div>\n\t\t\t\t\t\t<\/div>\n\t\t\t\t\t<\/div>\n\t\t<\/div>\n\t\t\t\t<div class=\"elementor-column elementor-col-16 elementor-inner-column elementor-element elementor-element-1102ffa2\" data-id=\"1102ffa2\" data-element_type=\"column\">\n\t\t\t<div class=\"elementor-column-wrap\">\n\t\t\t\t\t\t\t<div class=\"elementor-widget-wrap\">\n\t\t\t\t\t\t\t\t<\/div>\n\t\t\t\t\t<\/div>\n\t\t<\/div>\n\t\t\t\t<div class=\"elementor-column elementor-col-16 elementor-inner-column elementor-element elementor-element-6e47cbae\" data-id=\"6e47cbae\" data-element_type=\"column\">\n\t\t\t<div class=\"elementor-column-wrap\">\n\t\t\t\t\t\t\t<div class=\"elementor-widget-wrap\">\n\t\t\t\t\t\t\t\t<\/div>\n\t\t\t\t\t<\/div>\n\t\t<\/div>\n\t\t\t\t\t\t\t\t<\/div>\n\t\t\t\t\t<\/div>\n\t\t<\/section>\n\t\t\t\t<div class=\"elementor-element elementor-element-3bac3bbb elementor-widget elementor-widget-heading\" data-id=\"3bac3bbb\" data-element_type=\"widget\" data-settings=\"{&quot;ekit_we_effect_on&quot;:&quot;none&quot;}\" data-widget_type=\"heading.default\">\n\t\t\t\t<div class=\"elementor-widget-container\">\n\t\t\t<h5 class=\"elementor-heading-title elementor-size-default\">in collaboration with:<\/h5>\t\t<\/div>\n\t\t\t\t<\/div>\n\t\t\t\t\t\t<\/div>\n\t\t\t\t\t<\/div>\n\t\t<\/div>\n\t\t\t\t\t\t\t\t<\/div>\n\t\t\t\t\t<\/div>\n\t\t<\/section>\n\t\t\t\t<section class=\"elementor-section elementor-top-section elementor-element elementor-element-4769ecf5 elementor-section-boxed elementor-section-height-default elementor-section-height-default\" data-id=\"4769ecf5\" data-element_type=\"section\">\n\t\t\t\t\t\t<div class=\"elementor-container elementor-column-gap-default\">\n\t\t\t\t\t\t\t<div class=\"elementor-row\">\n\t\t\t\t\t<div class=\"elementor-column elementor-col-16 elementor-top-column elementor-element elementor-element-33b2a3fe\" data-id=\"33b2a3fe\" data-element_type=\"column\">\n\t\t\t<div class=\"elementor-column-wrap elementor-element-populated\">\n\t\t\t\t\t\t\t<div class=\"elementor-widget-wrap\">\n\t\t\t\t\t\t<div class=\"elementor-element elementor-element-ed341ae elementor-widget elementor-widget-image\" data-id=\"ed341ae\" data-element_type=\"widget\" data-settings=\"{&quot;ekit_we_effect_on&quot;:&quot;none&quot;}\" data-widget_type=\"image.default\">\n\t\t\t\t<div class=\"elementor-widget-container\">\n\t\t\t\t\t\t\t\t<div class=\"elementor-image\">\n\t\t\t\t\t\t\t\t\t\t\t\t<img src=\"https:\/\/2022.streetartfestival.si\/wp-content\/uploads\/elementor\/thumbs\/KUD-Mreza-logo-ok.ai_-1-q5hgsdec7e3lar6379lhrc0grwuqvpvugr8oy84y0c.png\" title=\"KUD-Mreza-logo-ok.ai_.png\" alt=\"KUD-Mreza-logo-ok.ai_.png\" \/>\t\t\t\t\t\t\t\t\t\t\t\t\t\t<\/div>\n\t\t\t\t\t\t<\/div>\n\t\t\t\t<\/div>\n\t\t\t\t\t\t<\/div>\n\t\t\t\t\t<\/div>\n\t\t<\/div>\n\t\t\t\t<div class=\"elementor-column elementor-col-16 elementor-top-column elementor-element elementor-element-45427077\" data-id=\"45427077\" data-element_type=\"column\">\n\t\t\t<div class=\"elementor-column-wrap elementor-element-populated\">\n\t\t\t\t\t\t\t<div class=\"elementor-widget-wrap\">\n\t\t\t\t\t\t<div class=\"elementor-element elementor-element-933fc6b elementor-widget elementor-widget-image\" data-id=\"933fc6b\" data-element_type=\"widget\" data-settings=\"{&quot;ekit_we_effect_on&quot;:&quot;none&quot;}\" data-widget_type=\"image.default\">\n\t\t\t\t<div class=\"elementor-widget-container\">\n\t\t\t\t\t\t\t\t<div class=\"elementor-image\">\n\t\t\t\t\t\t\t\t\t\t\t\t<img src=\"https:\/\/2022.streetartfestival.si\/wp-content\/uploads\/elementor\/thumbs\/Projektni-prostor-DUM-q5hgsdeadlyd18a7f2zvwzby6int2t084s3isiqi2o.jpg\" title=\"Projektni prostor DUM\" alt=\"Projektni prostor DUM\" \/>\t\t\t\t\t\t\t\t\t\t\t\t\t\t<\/div>\n\t\t\t\t\t\t<\/div>\n\t\t\t\t<\/div>\n\t\t\t\t\t\t<\/div>\n\t\t\t\t\t<\/div>\n\t\t<\/div>\n\t\t\t\t<div class=\"elementor-column elementor-col-16 elementor-top-column elementor-element elementor-element-5bbd8e02\" data-id=\"5bbd8e02\" data-element_type=\"column\">\n\t\t\t<div class=\"elementor-column-wrap elementor-element-populated\">\n\t\t\t\t\t\t\t<div class=\"elementor-widget-wrap\">\n\t\t\t\t\t\t<div class=\"elementor-element elementor-element-da447ed elementor-widget elementor-widget-image\" data-id=\"da447ed\" data-element_type=\"widget\" data-settings=\"{&quot;ekit_we_effect_on&quot;:&quot;none&quot;}\" data-widget_type=\"image.default\">\n\t\t\t\t<div class=\"elementor-widget-container\">\n\t\t\t\t\t\t\t\t<div class=\"elementor-image\">\n\t\t\t\t\t\t\t\t\t\t\t\t<img src=\"https:\/\/2022.streetartfestival.si\/wp-content\/uploads\/elementor\/thumbs\/gala-hala-1-q5hgsdec7e3lar6379lhrc0grwuqvpvugr8oy84xvm.jpg\" title=\"gala-hala.jpg\" alt=\"gala-hala.jpg\" \/>\t\t\t\t\t\t\t\t\t\t\t\t\t\t<\/div>\n\t\t\t\t\t\t<\/div>\n\t\t\t\t<\/div>\n\t\t\t\t\t\t<\/div>\n\t\t\t\t\t<\/div>\n\t\t<\/div>\n\t\t\t\t<div class=\"elementor-column elementor-col-16 elementor-top-column elementor-element elementor-element-7169f094\" data-id=\"7169f094\" data-element_type=\"column\">\n\t\t\t<div class=\"elementor-column-wrap elementor-element-populated\">\n\t\t\t\t\t\t\t<div class=\"elementor-widget-wrap\">\n\t\t\t\t\t\t<div class=\"elementor-element elementor-element-1709368 elementor-widget elementor-widget-image\" data-id=\"1709368\" data-element_type=\"widget\" data-settings=\"{&quot;ekit_we_effect_on&quot;:&quot;none&quot;}\" data-widget_type=\"image.default\">\n\t\t\t\t<div class=\"elementor-widget-container\">\n\t\t\t\t\t\t\t\t<div class=\"elementor-image\">\n\t\t\t\t\t\t\t\t\t\t\t\t<img src=\"https:\/\/2022.streetartfestival.si\/wp-content\/uploads\/elementor\/thumbs\/gromka-1-q5hgsdec7e3lar6379lhrc0grwuqvpvugr8oy84xnk.jpg\" title=\"gromka.jpg\" alt=\"gromka.jpg\" \/>\t\t\t\t\t\t\t\t\t\t\t\t\t\t<\/div>\n\t\t\t\t\t\t<\/div>\n\t\t\t\t<\/div>\n\t\t\t\t\t\t<\/div>\n\t\t\t\t\t<\/div>\n\t\t<\/div>\n\t\t\t\t<div class=\"elementor-column elementor-col-16 elementor-top-column elementor-element elementor-element-7d3cac43\" data-id=\"7d3cac43\" data-element_type=\"column\">\n\t\t\t<div class=\"elementor-column-wrap elementor-element-populated\">\n\t\t\t\t\t\t\t<div class=\"elementor-widget-wrap\">\n\t\t\t\t\t\t<div class=\"elementor-element elementor-element-3e8a064d elementor-widget elementor-widget-image\" data-id=\"3e8a064d\" data-element_type=\"widget\" data-settings=\"{&quot;ekit_we_effect_on&quot;:&quot;none&quot;}\" data-widget_type=\"image.default\">\n\t\t\t\t<div class=\"elementor-widget-container\">\n\t\t\t\t\t\t\t\t<div class=\"elementor-image\">\n\t\t\t\t\t\t\t\t\t\t\t\t<img src=\"https:\/\/2022.streetartfestival.si\/wp-content\/uploads\/elementor\/thumbs\/Osmoza_2017_logo.svg_-q5hgsdeadlyd18a7f2zvwzby6int2t084s3isiqi2o.png\" title=\"Osmoza_2017_(logo).svg_\" alt=\"Osmoza_2017_(logo).svg_\" \/>\t\t\t\t\t\t\t\t\t\t\t\t\t\t<\/div>\n\t\t\t\t\t\t<\/div>\n\t\t\t\t<\/div>\n\t\t\t\t\t\t<\/div>\n\t\t\t\t\t<\/div>\n\t\t<\/div>\n\t\t\t\t<div class=\"elementor-column elementor-col-16 elementor-top-column elementor-element elementor-element-bc1320c\" data-id=\"bc1320c\" data-element_type=\"column\">\n\t\t\t<div class=\"elementor-column-wrap elementor-element-populated\">\n\t\t\t\t\t\t\t<div class=\"elementor-widget-wrap\">\n\t\t\t\t\t\t<div class=\"elementor-element elementor-element-f9805a3 elementor-widget elementor-widget-image\" data-id=\"f9805a3\" data-element_type=\"widget\" data-settings=\"{&quot;ekit_we_effect_on&quot;:&quot;none&quot;}\" data-widget_type=\"image.default\">\n\t\t\t\t<div class=\"elementor-widget-container\">\n\t\t\t\t\t\t\t\t<div class=\"elementor-image\">\n\t\t\t\t\t\t\t\t\t\t\t\t<img src=\"https:\/\/2022.streetartfestival.si\/wp-content\/uploads\/elementor\/thumbs\/ptl_logo_black_300-q5hgsdeadlyd18a7f2zvwzby6int2t084s3isiqi2o.png\" title=\"ptl_logo_black_300\" alt=\"ptl_logo_black_300\" \/>\t\t\t\t\t\t\t\t\t\t\t\t\t\t<\/div>\n\t\t\t\t\t\t<\/div>\n\t\t\t\t<\/div>\n\t\t\t\t\t\t<\/div>\n\t\t\t\t\t<\/div>\n\t\t<\/div>\n\t\t\t\t\t\t\t\t<\/div>\n\t\t\t\t\t<\/div>\n\t\t<\/section>\n\t\t\t\t<section class=\"elementor-section elementor-top-section elementor-element elementor-element-bbe4f24 elementor-section-boxed elementor-section-height-default elementor-section-height-default\" data-id=\"bbe4f24\" data-element_type=\"section\">\n\t\t\t\t\t\t<div class=\"elementor-container elementor-column-gap-default\">\n\t\t\t\t\t\t\t<div class=\"elementor-row\">\n\t\t\t\t\t<div class=\"elementor-column elementor-col-16 elementor-top-column elementor-element elementor-element-edc6821\" data-id=\"edc6821\" data-element_type=\"column\">\n\t\t\t<div class=\"elementor-column-wrap elementor-element-populated\">\n\t\t\t\t\t\t\t<div class=\"elementor-widget-wrap\">\n\t\t\t\t\t\t<div class=\"elementor-element elementor-element-5f89321 elementor-widget elementor-widget-image\" data-id=\"5f89321\" data-element_type=\"widget\" data-settings=\"{&quot;ekit_we_effect_on&quot;:&quot;none&quot;}\" data-widget_type=\"image.default\">\n\t\t\t\t<div class=\"elementor-widget-container\">\n\t\t\t\t\t\t\t\t<div class=\"elementor-image\">\n\t\t\t\t\t\t\t\t\t\t\t\t<img src=\"https:\/\/2022.streetartfestival.si\/wp-content\/uploads\/elementor\/thumbs\/V2V-logo-1-q5hgsdeadlyd18a7f2zvwzby6int2t084s3isiqi2o.png\" title=\"V2V logo\" alt=\"V2V logo\" \/>\t\t\t\t\t\t\t\t\t\t\t\t\t\t<\/div>\n\t\t\t\t\t\t<\/div>\n\t\t\t\t<\/div>\n\t\t\t\t\t\t<\/div>\n\t\t\t\t\t<\/div>\n\t\t<\/div>\n\t\t\t\t<div class=\"elementor-column elementor-col-16 elementor-top-column elementor-element elementor-element-de991cd\" data-id=\"de991cd\" data-element_type=\"column\">\n\t\t\t<div class=\"elementor-column-wrap elementor-element-populated\">\n\t\t\t\t\t\t\t<div class=\"elementor-widget-wrap\">\n\t\t\t\t\t\t<div class=\"elementor-element elementor-element-9d260c3 elementor-widget elementor-widget-image\" data-id=\"9d260c3\" data-element_type=\"widget\" data-settings=\"{&quot;ekit_we_effect_on&quot;:&quot;none&quot;}\" data-widget_type=\"image.default\">\n\t\t\t\t<div class=\"elementor-widget-container\">\n\t\t\t\t\t\t\t\t<div class=\"elementor-image\">\n\t\t\t\t\t\t\t\t\t\t\t\t<img src=\"https:\/\/2022.streetartfestival.si\/wp-content\/uploads\/elementor\/thumbs\/logo_pesak-1-q5hgsdeadlyd18a7f2zvwzby6int2t084s3isiqi2o.jpg\" title=\"logo_pesak.jpg\" alt=\"logo_pesak.jpg\" \/>\t\t\t\t\t\t\t\t\t\t\t\t\t\t<\/div>\n\t\t\t\t\t\t<\/div>\n\t\t\t\t<\/div>\n\t\t\t\t\t\t<\/div>\n\t\t\t\t\t<\/div>\n\t\t<\/div>\n\t\t\t\t<div class=\"elementor-column elementor-col-16 elementor-top-column elementor-element elementor-element-feda217\" data-id=\"feda217\" data-element_type=\"column\">\n\t\t\t<div class=\"elementor-column-wrap elementor-element-populated\">\n\t\t\t\t\t\t\t<div class=\"elementor-widget-wrap\">\n\t\t\t\t\t\t<div class=\"elementor-element elementor-element-41744a4 elementor-widget elementor-widget-image\" data-id=\"41744a4\" data-element_type=\"widget\" data-settings=\"{&quot;ekit_we_effect_on&quot;:&quot;none&quot;}\" data-widget_type=\"image.default\">\n\t\t\t\t<div class=\"elementor-widget-container\">\n\t\t\t\t\t\t\t\t<div class=\"elementor-image\">\n\t\t\t\t\t\t\t\t\t\t\t\t<img src=\"https:\/\/2022.streetartfestival.si\/wp-content\/uploads\/elementor\/thumbs\/drustvo-parada-scaled-1-q5hgsdeadlyd18a7f2zvwzby6int2t084s3isiqi2o.jpg\" title=\"drustvo-parada-scaled.jpg\" alt=\"drustvo-parada-scaled.jpg\" \/>\t\t\t\t\t\t\t\t\t\t\t\t\t\t<\/div>\n\t\t\t\t\t\t<\/div>\n\t\t\t\t<\/div>\n\t\t\t\t\t\t<\/div>\n\t\t\t\t\t<\/div>\n\t\t<\/div>\n\t\t\t\t<div class=\"elementor-column elementor-col-16 elementor-top-column elementor-element elementor-element-26e7c53\" data-id=\"26e7c53\" data-element_type=\"column\">\n\t\t\t<div class=\"elementor-column-wrap elementor-element-populated\">\n\t\t\t\t\t\t\t<div class=\"elementor-widget-wrap\">\n\t\t\t\t\t\t<div class=\"elementor-element elementor-element-15d40ee elementor-widget elementor-widget-image\" data-id=\"15d40ee\" data-element_type=\"widget\" data-settings=\"{&quot;ekit_we_effect_on&quot;:&quot;none&quot;}\" data-widget_type=\"image.default\">\n\t\t\t\t<div class=\"elementor-widget-container\">\n\t\t\t\t\t\t\t\t<div class=\"elementor-image\">\n\t\t\t\t\t\t\t\t\t\t\t\t<img src=\"https:\/\/2022.streetartfestival.si\/wp-content\/uploads\/2022\/06\/zavod_projekt_atol.jpg\" title=\"zavod_projekt_atol\" alt=\"zavod_projekt_atol\" \/>\t\t\t\t\t\t\t\t\t\t\t\t\t\t<\/div>\n\t\t\t\t\t\t<\/div>\n\t\t\t\t<\/div>\n\t\t\t\t\t\t<\/div>\n\t\t\t\t\t<\/div>\n\t\t<\/div>\n\t\t\t\t<div class=\"elementor-column elementor-col-16 elementor-top-column elementor-element elementor-element-649d82a\" data-id=\"649d82a\" data-element_type=\"column\">\n\t\t\t<div class=\"elementor-column-wrap elementor-element-populated\">\n\t\t\t\t\t\t\t<div class=\"elementor-widget-wrap\">\n\t\t\t\t\t\t<div class=\"elementor-element elementor-element-be2b1b9 elementor-widget elementor-widget-image\" data-id=\"be2b1b9\" data-element_type=\"widget\" data-settings=\"{&quot;ekit_we_effect_on&quot;:&quot;none&quot;}\" data-widget_type=\"image.default\">\n\t\t\t\t<div class=\"elementor-widget-container\">\n\t\t\t\t\t\t\t\t<div class=\"elementor-image\">\n\t\t\t\t\t\t\t\t\t\t\t\t<img src=\"https:\/\/2022.streetartfestival.si\/wp-content\/uploads\/elementor\/thumbs\/Ljudmila_CB-1-1-q5hgsdeadlyd18a7f2zvwzby6int2t084s3isiqi2o.png\" title=\"Ljudmila_CB-1.png\" alt=\"Ljudmila_CB-1.png\" \/>\t\t\t\t\t\t\t\t\t\t\t\t\t\t<\/div>\n\t\t\t\t\t\t<\/div>\n\t\t\t\t<\/div>\n\t\t\t\t\t\t<\/div>\n\t\t\t\t\t<\/div>\n\t\t<\/div>\n\t\t\t\t<div class=\"elementor-column elementor-col-16 elementor-top-column elementor-element elementor-element-2a56b9e\" data-id=\"2a56b9e\" data-element_type=\"column\">\n\t\t\t<div class=\"elementor-column-wrap elementor-element-populated\">\n\t\t\t\t\t\t\t<div class=\"elementor-widget-wrap\">\n\t\t\t\t\t\t<div class=\"elementor-element elementor-element-257b0f6 elementor-widget elementor-widget-image\" data-id=\"257b0f6\" data-element_type=\"widget\" data-settings=\"{&quot;ekit_we_effect_on&quot;:&quot;none&quot;}\" data-widget_type=\"image.default\">\n\t\t\t\t<div class=\"elementor-widget-container\">\n\t\t\t\t\t\t\t\t<div class=\"elementor-image\">\n\t\t\t\t\t\t\t\t\t\t\t\t<img src=\"https:\/\/2022.streetartfestival.si\/wp-content\/uploads\/elementor\/thumbs\/Mladi-Zmaji-2-1-q5hgsdeadlyd18a7f2zvwzby6int2t084s3isiqi2o.png\" title=\"Mladi Zmaji 2\" alt=\"Mladi Zmaji 2\" \/>\t\t\t\t\t\t\t\t\t\t\t\t\t\t<\/div>\n\t\t\t\t\t\t<\/div>\n\t\t\t\t<\/div>\n\t\t\t\t\t\t<\/div>\n\t\t\t\t\t<\/div>\n\t\t<\/div>\n\t\t\t\t\t\t\t\t<\/div>\n\t\t\t\t\t<\/div>\n\t\t<\/section>\n\t\t\t\t<section class=\"elementor-section elementor-top-section elementor-element elementor-element-0a9f274 elementor-section-boxed elementor-section-height-default elementor-section-height-default\" data-id=\"0a9f274\" data-element_type=\"section\">\n\t\t\t\t\t\t<div class=\"elementor-container elementor-column-gap-default\">\n\t\t\t\t\t\t\t<div class=\"elementor-row\">\n\t\t\t\t\t<div class=\"elementor-column elementor-col-16 elementor-top-column elementor-element elementor-element-ea16b87\" data-id=\"ea16b87\" data-element_type=\"column\">\n\t\t\t<div class=\"elementor-column-wrap elementor-element-populated\">\n\t\t\t\t\t\t\t<div class=\"elementor-widget-wrap\">\n\t\t\t\t\t\t<div class=\"elementor-element elementor-element-32323ba elementor-widget elementor-widget-image\" data-id=\"32323ba\" data-element_type=\"widget\" data-settings=\"{&quot;ekit_we_effect_on&quot;:&quot;none&quot;}\" data-widget_type=\"image.default\">\n\t\t\t\t<div class=\"elementor-widget-container\">\n\t\t\t\t\t\t\t\t<div class=\"elementor-image\">\n\t\t\t\t\t\t\t\t\t\t\t\t<img src=\"https:\/\/2022.streetartfestival.si\/wp-content\/uploads\/elementor\/thumbs\/Ljudje-q5hgsdeadlyd18a7f2zvwzby6int2t084s3isiqi2o.png\" title=\"Ljudje\" alt=\"Ljudje\" \/>\t\t\t\t\t\t\t\t\t\t\t\t\t\t<\/div>\n\t\t\t\t\t\t<\/div>\n\t\t\t\t<\/div>\n\t\t\t\t\t\t<\/div>\n\t\t\t\t\t<\/div>\n\t\t<\/div>\n\t\t\t\t<div class=\"elementor-column elementor-col-16 elementor-top-column elementor-element elementor-element-140a4b9\" data-id=\"140a4b9\" data-element_type=\"column\">\n\t\t\t<div class=\"elementor-column-wrap\">\n\t\t\t\t\t\t\t<div class=\"elementor-widget-wrap\">\n\t\t\t\t\t\t\t\t<\/div>\n\t\t\t\t\t<\/div>\n\t\t<\/div>\n\t\t\t\t<div class=\"elementor-column elementor-col-16 elementor-top-column elementor-element elementor-element-4a3d0f1\" data-id=\"4a3d0f1\" data-element_type=\"column\">\n\t\t\t<div class=\"elementor-column-wrap\">\n\t\t\t\t\t\t\t<div class=\"elementor-widget-wrap\">\n\t\t\t\t\t\t\t\t<\/div>\n\t\t\t\t\t<\/div>\n\t\t<\/div>\n\t\t\t\t<div class=\"elementor-column elementor-col-16 elementor-top-column elementor-element elementor-element-770e094\" data-id=\"770e094\" data-element_type=\"column\">\n\t\t\t<div class=\"elementor-column-wrap\">\n\t\t\t\t\t\t\t<div class=\"elementor-widget-wrap\">\n\t\t\t\t\t\t\t\t<\/div>\n\t\t\t\t\t<\/div>\n\t\t<\/div>\n\t\t\t\t<div class=\"elementor-column elementor-col-16 elementor-top-column elementor-element elementor-element-8405cea\" data-id=\"8405cea\" data-element_type=\"column\">\n\t\t\t<div class=\"elementor-column-wrap\">\n\t\t\t\t\t\t\t<div class=\"elementor-widget-wrap\">\n\t\t\t\t\t\t\t\t<\/div>\n\t\t\t\t\t<\/div>\n\t\t<\/div>\n\t\t\t\t<div class=\"elementor-column elementor-col-16 elementor-top-column elementor-element elementor-element-777c070\" data-id=\"777c070\" data-element_type=\"column\">\n\t\t\t<div class=\"elementor-column-wrap\">\n\t\t\t\t\t\t\t<div class=\"elementor-widget-wrap\">\n\t\t\t\t\t\t\t\t<\/div>\n\t\t\t\t\t<\/div>\n\t\t<\/div>\n\t\t\t\t\t\t\t\t<\/div>\n\t\t\t\t\t<\/div>\n\t\t<\/section>\n\t\t\t\t<section class=\"elementor-section elementor-top-section elementor-element elementor-element-98eb593 elementor-section-boxed elementor-section-height-default elementor-section-height-default\" data-id=\"98eb593\" data-element_type=\"section\">\n\t\t\t\t\t\t<div class=\"elementor-container elementor-column-gap-default\">\n\t\t\t\t\t\t\t<div class=\"elementor-row\">\n\t\t\t\t\t<div class=\"elementor-column elementor-col-100 elementor-top-column elementor-element elementor-element-03fd324\" data-id=\"03fd324\" data-element_type=\"column\">\n\t\t\t<div class=\"elementor-column-wrap elementor-element-populated\">\n\t\t\t\t\t\t\t<div class=\"elementor-widget-wrap\">\n\t\t\t\t\t\t<div class=\"elementor-element elementor-element-291a458 elementor-hidden-desktop elementor-hidden-tablet elementor-hidden-mobile elementor-invisible elementor-widget elementor-widget-exhibz-title\" data-id=\"291a458\" data-element_type=\"widget\" data-settings=\"{&quot;_animation&quot;:&quot;fadeInUp&quot;,&quot;_animation_delay&quot;:350,&quot;ekit_we_effect_on&quot;:&quot;none&quot;}\" data-widget_type=\"exhibz-title.default\">\n\t\t\t\t<div class=\"elementor-widget-container\">\n\t\t\t\n    <div class=\"title-section-area\">\n        <h2 class=\"section-title\">\n            <span class=\"sub-title\"><\/span>\n\t\t\tLjubljana Street Art Festival        <\/h2>\n\t\t\t\t\t<div class=\"title-desc\"><p>Ljubljana Street Art festival je prvi festival sodobne uli\u010dne umetnosti v Sloveniji, zasnovan iz ljubezni do street art-a, grafitov in intervencij v javnem prostoru. \u017de tretje leto zapored povezuje mednarodno in lokalno - uli\u010dno, umetni\u0161ko, aktivisti\u010dno in akademsko sceno. Obiskovalke in obiskovalce spodbuja k aktivnemu branju ulic, obenem pa podpira mlade, \u0161e neuveljavljene generacije uli\u010dnih umetnic in umetnikov ter skrbi za svetlo prihodnost lokalnega street art okolja. Festival si prizadeva na edinstven na\u010din promovirati enega izmed najpomembnej\u0161ih sodobnih umetni\u0161kih gibanj 21. stoletja - uli\u010dno umetnost.<\/p><p>Osrednja tema leto\u0161njega festivala je razmislek, kaj ustvarjalnosti uli\u010dne umetnosti dodajajo \u010das, arhiviranje in dokumentiranje.<\/p><\/div>\n\t\t                    <span class=\"title-shape\">\n                  <svg xmlns='http:\/\/www.w3.org\/2000\/svg' xmlns:xlink='http:\/\/www.w3.org\/1999\/xlink' width='71px' height='11px'> <path fill-rule='evenodd' d='M59.669,10.710 L49.164,3.306 L39.428,10.681 L29.714,3.322 L20.006,10.682 L10.295,3.322 L1.185,10.228 L-0.010,8.578 L10.295,0.765 L20.006,8.125 L29.714,0.765 L39.428,8.125 L49.122,0.781 L59.680,8.223 L69.858,1.192 L70.982,2.895 L59.669,10.710 Z'\/><\/svg>\n            <\/span>\n                    <\/div><!-- Section title -->\n    \n    \n\n    \t\t<\/div>\n\t\t\t\t<\/div>\n\t\t\t\t\t\t<\/div>\n\t\t\t\t\t<\/div>\n\t\t<\/div>\n\t\t\t\t\t\t\t\t<\/div>\n\t\t\t\t\t<\/div>\n\t\t<\/section>\n\t\t\t\t<section class=\"elementor-section elementor-top-section elementor-element elementor-element-73c274a elementor-section-boxed elementor-section-height-default elementor-section-height-default\" data-id=\"73c274a\" data-element_type=\"section\">\n\t\t\t\t\t\t<div class=\"elementor-container elementor-column-gap-default\">\n\t\t\t\t\t\t\t<div class=\"elementor-row\">\n\t\t\t\t\t<div class=\"elementor-column elementor-col-100 elementor-top-column elementor-element elementor-element-87a6472\" data-id=\"87a6472\" data-element_type=\"column\">\n\t\t\t<div class=\"elementor-column-wrap elementor-element-populated\">\n\t\t\t\t\t\t\t<div class=\"elementor-widget-wrap\">\n\t\t\t\t\t\t<div class=\"elementor-element elementor-element-acfb710 elementor-invisible elementor-widget elementor-widget-exhibz-title\" data-id=\"acfb710\" data-element_type=\"widget\" data-settings=\"{&quot;_animation&quot;:&quot;fadeInUp&quot;,&quot;_animation_delay&quot;:350,&quot;ekit_we_effect_on&quot;:&quot;none&quot;}\" data-widget_type=\"exhibz-title.default\">\n\t\t\t\t<div class=\"elementor-widget-container\">\n\t\t\t\n    <div class=\"title-section-area\">\n        <h2 class=\"section-title\">\n            <span class=\"sub-title\"><\/span>\n\t\t\tSupporters        <\/h2>\n\t\t\t\t\t<div class=\"title-desc\"><p><img loading=\"lazy\" class=\"wp-image-5970 size-large aligncenter\" src=\"https:\/\/2022.streetartfestival.si\/wp-content\/uploads\/2022\/08\/podporniki-1024x269.jpg\" alt=\"\" width=\"800\" height=\"210\" srcset=\"https:\/\/2022.streetartfestival.si\/wp-content\/uploads\/2022\/08\/podporniki-1024x269.jpg 1024w, https:\/\/2022.streetartfestival.si\/wp-content\/uploads\/2022\/08\/podporniki-300x79.jpg 300w, https:\/\/2022.streetartfestival.si\/wp-content\/uploads\/2022\/08\/podporniki-768x201.jpg 768w, https:\/\/2022.streetartfestival.si\/wp-content\/uploads\/2022\/08\/podporniki-600x157.jpg 600w, https:\/\/2022.streetartfestival.si\/wp-content\/uploads\/2022\/08\/podporniki.jpg 1319w\" sizes=\"(max-width: 800px) 100vw, 800px\" \/><\/p><\/div>\n\t\t                    <span class=\"title-shape\">\n                  <svg xmlns='http:\/\/www.w3.org\/2000\/svg' xmlns:xlink='http:\/\/www.w3.org\/1999\/xlink' width='71px' height='11px'> <path fill-rule='evenodd' d='M59.669,10.710 L49.164,3.306 L39.428,10.681 L29.714,3.322 L20.006,10.682 L10.295,3.322 L1.185,10.228 L-0.010,8.578 L10.295,0.765 L20.006,8.125 L29.714,0.765 L39.428,8.125 L49.122,0.781 L59.680,8.223 L69.858,1.192 L70.982,2.895 L59.669,10.710 Z'\/><\/svg>\n            <\/span>\n                    <\/div><!-- Section title -->\n    \n    \n\n    \t\t<\/div>\n\t\t\t\t<\/div>\n\t\t\t\t\t\t<\/div>\n\t\t\t\t\t<\/div>\n\t\t<\/div>\n\t\t\t\t\t\t\t\t<\/div>\n\t\t\t\t\t<\/div>\n\t\t<\/section>\n\t\t\t\t\t\t\t\t\t<\/div>\n\t\t\t<\/div>\n\t\t\t\t\t<\/div>\n\t\t","protected":false},"excerpt":{"rendered":"<p>27. June &#8211; 3. July 2022, Ljubljana #LJSAF 2022 FREE TICKETS Ljubljana Street Art Festival 2022 Ljubljana Street Art Festival is the first street art festival in Slovenia. Since 2019 it has connected the street, art and academic scene and promoted one of the most important contemporary art movements of the 21st century in a [&hellip;]<\/p>\n","protected":false},"author":1,"featured_media":3135,"parent":0,"menu_order":0,"comment_status":"closed","ping_status":"closed","template":"","meta":[],"_links":{"self":[{"href":"https:\/\/2022.streetartfestival.si\/en\/wp-json\/wp\/v2\/pages\/2344"}],"collection":[{"href":"https:\/\/2022.streetartfestival.si\/en\/wp-json\/wp\/v2\/pages"}],"about":[{"href":"https:\/\/2022.streetartfestival.si\/en\/wp-json\/wp\/v2\/types\/page"}],"author":[{"embeddable":true,"href":"https:\/\/2022.streetartfestival.si\/en\/wp-json\/wp\/v2\/users\/1"}],"replies":[{"embeddable":true,"href":"https:\/\/2022.streetartfestival.si\/en\/wp-json\/wp\/v2\/comments?post=2344"}],"version-history":[{"count":100,"href":"https:\/\/2022.streetartfestival.si\/en\/wp-json\/wp\/v2\/pages\/2344\/revisions"}],"predecessor-version":[{"id":5980,"href":"https:\/\/2022.streetartfestival.si\/en\/wp-json\/wp\/v2\/pages\/2344\/revisions\/5980"}],"wp:featuredmedia":[{"embeddable":true,"href":"https:\/\/2022.streetartfestival.si\/en\/wp-json\/wp\/v2\/media\/3135"}],"wp:attachment":[{"href":"https:\/\/2022.streetartfestival.si\/en\/wp-json\/wp\/v2\/media?parent=2344"}],"curies":[{"name":"wp","href":"https:\/\/api.w.org\/{rel}","templated":true}]}}